{"id":2721,"date":"2023-05-19T12:27:08","date_gmt":"2023-05-19T12:27:08","guid":{"rendered":"https:\/\/campobadajoz.es\/notre-histoire\/"},"modified":"2023-08-28T12:11:58","modified_gmt":"2023-08-28T12:11:58","slug":"notre-histoire","status":"publish","type":"page","link":"https:\/\/campobadajoz.es\/fr\/notre-histoire\/","title":{"rendered":"Notre histoire"},"content":{"rendered":"<p><span style=\"color: #7d797a;\">\u00c0 <strong>Campo Badajoz<\/strong>, nous sommes fiers d&rsquo;avoir plus de trois g\u00e9n\u00e9rations d\u00e9di\u00e9es \u00e0 la production de produits ib\u00e9riques de la plus haute qualit\u00e9. Fond\u00e9e au c\u0153ur de la r\u00e9gion d&rsquo;Estr\u00e9madure, dans le sud-ouest de l&rsquo;Espagne, notre entreprise a \u00e9t\u00e9 t\u00e9moin de l&rsquo;h\u00e9ritage et de la tradition du porc ib\u00e9rique au fil des ans.<\/span><\/p>\n<p><span style=\"color: #7d797a;\">Tout a commenc\u00e9 en 1950, lorsque nos anc\u00eatres, amoureux de la gastronomie et passionn\u00e9s par les saveurs authentiques, ont d\u00e9cid\u00e9 de s&rsquo;installer sur les terres fertiles de l&rsquo;Estr\u00e9madure. Avec une vision claire de la pr\u00e9servation de la race ib\u00e9rique et de sa qualit\u00e9 exceptionnelle, ils se sont engag\u00e9s sur la voie difficile mais gratifiante de l&rsquo;\u00e9levage et de la production de produits d\u00e9riv\u00e9s du porc ib\u00e9rique.<\/span><\/p>\n<p><span style=\"color: #7d797a;\">Depuis lors, nous nous sommes forg\u00e9 une r\u00e9putation fond\u00e9e sur l&rsquo;excellence et l&rsquo;engagement en faveur de la qualit\u00e9. \u00c0 <strong>Campo Badajoz<\/strong>, nous sommes fiers de maintenir les <strong>traditions et les techniques artisanales<\/strong> transmises de g\u00e9n\u00e9ration en g\u00e9n\u00e9ration. Chaque \u00e9tape du processus, de l&rsquo;\u00e9levage des porcs \u00e0 la transformation et \u00e0 la maturation des produits, est r\u00e9alis\u00e9e avec soin et d\u00e9vouement.<\/span><\/p>\n<p><span style=\"color: #7d797a;\">Notre engagement en faveur de la qualit\u00e9 commence par la s\u00e9lection des porcs ib\u00e9riques. \u00c9lev\u00e9s dans des p\u00e2turages, de vastes zones de p\u00e2turage et des for\u00eats de ch\u00eanes verts et de ch\u00eanes-li\u00e8ges, nos porcs jouissent d&rsquo;une vie de libert\u00e9, se nourrissant de glands et d&rsquo;herbes sauvages pendant la \u00ab\u00a0montanera\u00a0\u00bb. Ce r\u00e9gime naturel et \u00e9quilibr\u00e9, associ\u00e9 \u00e0 l&rsquo;exercice en plein air, contribue \u00e0 l&rsquo;infiltration des graisses dans la viande et conf\u00e8re \u00e0 nos produits ib\u00e9riques leur saveur et leur texture caract\u00e9ristiques.<\/span><\/p>\n<p><span style=\"color: #7d797a;\">\u00c0 <strong>Campo Badajoz<\/strong>, l&rsquo;\u00e9laboration de nos produits est une combinaison de tradition et de technologie moderne. Nous maintenons un \u00e9quilibre entre des techniques de salaison ancestrales et des pratiques innovantes qui nous permettent de garantir la qualit\u00e9 et la s\u00e9curit\u00e9 de nos produits. La patience et le temps sont des \u00e9l\u00e9ments cl\u00e9s du processus de maturation, car ils permettent aux ar\u00f4mes de se d\u00e9velopper et de m\u00fbrir de mani\u00e8re optimale.<\/span><\/p>\n<p><span style=\"color: #7d797a;\">Aujourd&rsquo;hui, nos produits ib\u00e9riques sont reconnus et appr\u00e9ci\u00e9s tant au niveau national qu&rsquo;international. Notre passion pour l&rsquo;authenticit\u00e9 et notre recherche constante de l&rsquo;excellence nous ont amen\u00e9s \u00e0 \u00e9largir notre champ d&rsquo;action et \u00e0 faire d\u00e9couvrir les saveurs de l&rsquo;Estr\u00e9madure aux palais les plus exigeants du monde entier.<\/span><\/p>\n<p><span style=\"color: #7d797a;\">\u00c0 <strong>Campo Badajoz<\/strong>, nous ne produisons pas seulement de la nourriture, mais nous partageons une histoire, une passion et un lien profond avec la terre et la tradition. Chaque bouch\u00e9e de nos produits est un hommage \u00e0 notre histoire, aux mains qui ont travaill\u00e9 avec amour et d\u00e9vouement pour les cr\u00e9er et \u00e0 la culture gastronomique de notre territoire.<\/span><\/p>\n<p><span style=\"color: #7d797a;\">Nous sommes ravis de continuer \u00e0 \u00e9crire notre histoire et de partager notre passion pour les produits ib\u00e9riques avec tous ceux qui appr\u00e9cient la qualit\u00e9 et les saveurs authentiques. Bienvenue \u00e0 <strong>Campo Badajoz<\/strong>, o\u00f9 la tradition et l&rsquo;excellence se retrouvent dans chaque produit que nous fabriquons.<\/span><\/p>\n","protected":false},"excerpt":{"rendered":"<p>\u00c0 Campo Badajoz, nous sommes fiers d&rsquo;avoir plus de trois g\u00e9n\u00e9rations d\u00e9di\u00e9es \u00e0 la production de produits ib\u00e9riques de la plus haute qualit\u00e9. Fond\u00e9e au c\u0153ur de la r\u00e9gion d&rsquo;Estr\u00e9madure, dans le sud-ouest de l&rsquo;Espagne, notre entreprise a \u00e9t\u00e9 t\u00e9moin de l&rsquo;h\u00e9ritage et de la tradition du porc ib\u00e9rique au fil des ans. Tout a [&hellip;]<\/p>\n","protected":false},"author":1,"featured_media":1412,"parent":0,"menu_order":0,"comment_status":"closed","ping_status":"closed","template":"","meta":{"_acf_changed":false,"footnotes":""},"class_list":["post-2721","page","type-page","status-publish","has-post-thumbnail","hentry"],"acf":[],"yoast_head":"<!-- This site is optimized with the Yoast SEO plugin v27.4 - https:\/\/yoast.com\/product\/yoast-seo-wordpress\/ -->\n<title>Notre histoire - Campo Badajoz<\/title>\n<meta name=\"robots\" content=\"index, follow, max-snippet:-1, max-image-preview:large, max-video-preview:-1\" \/>\n<link rel=\"canonical\" href=\"https:\/\/campobadajoz.es\/fr\/notre-histoire\/\" \/>\n<meta property=\"og:locale\" content=\"fr_FR\" \/>\n<meta property=\"og:type\" content=\"article\" \/>\n<meta property=\"og:title\" content=\"Notre histoire - Campo Badajoz\" \/>\n<meta property=\"og:description\" content=\"\u00c0 Campo Badajoz, nous sommes fiers d&rsquo;avoir plus de trois g\u00e9n\u00e9rations d\u00e9di\u00e9es \u00e0 la production de produits ib\u00e9riques de la plus haute qualit\u00e9. Fond\u00e9e au c\u0153ur de la r\u00e9gion d&rsquo;Estr\u00e9madure, dans le sud-ouest de l&rsquo;Espagne, notre entreprise a \u00e9t\u00e9 t\u00e9moin de l&rsquo;h\u00e9ritage et de la tradition du porc ib\u00e9rique au fil des ans. Tout a [&hellip;]\" \/>\n<meta property=\"og:url\" content=\"https:\/\/campobadajoz.es\/fr\/notre-histoire\/\" \/>\n<meta property=\"og:site_name\" content=\"Campo Badajoz\" \/>\n<meta property=\"article:publisher\" content=\"https:\/\/www.facebook.com\/campobadajoz.ibericodecampo\/\" \/>\n<meta property=\"article:modified_time\" content=\"2023-08-28T12:11:58+00:00\" \/>\n<meta property=\"og:image\" content=\"https:\/\/campobadajoz.es\/wp-content\/uploads\/2023\/06\/depositphotos_146860891-stock-photo-iberian-pig-pasturing-in-a.webp\" \/>\n\t<meta property=\"og:image:width\" content=\"600\" \/>\n\t<meta property=\"og:image:height\" content=\"400\" \/>\n\t<meta property=\"og:image:type\" content=\"image\/webp\" \/>\n<meta name=\"twitter:card\" content=\"summary_large_image\" \/>\n<meta name=\"twitter:site\" content=\"@jamonibericos\" \/>\n<meta name=\"twitter:label1\" content=\"Dur\u00e9e de lecture estim\u00e9e\" \/>\n\t<meta name=\"twitter:data1\" content=\"3 minutes\" \/>\n<script type=\"application\/ld+json\" class=\"yoast-schema-graph\">{\"@context\":\"https:\\\/\\\/schema.org\",\"@graph\":[{\"@type\":\"WebPage\",\"@id\":\"https:\\\/\\\/campobadajoz.es\\\/fr\\\/notre-histoire\\\/\",\"url\":\"https:\\\/\\\/campobadajoz.es\\\/fr\\\/notre-histoire\\\/\",\"name\":\"Notre histoire - Campo Badajoz\",\"isPartOf\":{\"@id\":\"https:\\\/\\\/campobadajoz.es\\\/fr\\\/#website\"},\"primaryImageOfPage\":{\"@id\":\"https:\\\/\\\/campobadajoz.es\\\/fr\\\/notre-histoire\\\/#primaryimage\"},\"image\":{\"@id\":\"https:\\\/\\\/campobadajoz.es\\\/fr\\\/notre-histoire\\\/#primaryimage\"},\"thumbnailUrl\":\"https:\\\/\\\/campobadajoz.es\\\/wp-content\\\/uploads\\\/2023\\\/06\\\/depositphotos_146860891-stock-photo-iberian-pig-pasturing-in-a.webp\",\"datePublished\":\"2023-05-19T12:27:08+00:00\",\"dateModified\":\"2023-08-28T12:11:58+00:00\",\"breadcrumb\":{\"@id\":\"https:\\\/\\\/campobadajoz.es\\\/fr\\\/notre-histoire\\\/#breadcrumb\"},\"inLanguage\":\"fr-FR\",\"potentialAction\":[{\"@type\":\"ReadAction\",\"target\":[\"https:\\\/\\\/campobadajoz.es\\\/fr\\\/notre-histoire\\\/\"]}]},{\"@type\":\"ImageObject\",\"inLanguage\":\"fr-FR\",\"@id\":\"https:\\\/\\\/campobadajoz.es\\\/fr\\\/notre-histoire\\\/#primaryimage\",\"url\":\"https:\\\/\\\/campobadajoz.es\\\/wp-content\\\/uploads\\\/2023\\\/06\\\/depositphotos_146860891-stock-photo-iberian-pig-pasturing-in-a.webp\",\"contentUrl\":\"https:\\\/\\\/campobadajoz.es\\\/wp-content\\\/uploads\\\/2023\\\/06\\\/depositphotos_146860891-stock-photo-iberian-pig-pasturing-in-a.webp\",\"width\":600,\"height\":400,\"caption\":\"Grados de jam\u00f3n ib\u00e9rico\"},{\"@type\":\"BreadcrumbList\",\"@id\":\"https:\\\/\\\/campobadajoz.es\\\/fr\\\/notre-histoire\\\/#breadcrumb\",\"itemListElement\":[{\"@type\":\"ListItem\",\"position\":1,\"name\":\"Portada\",\"item\":\"https:\\\/\\\/campobadajoz.es\\\/fr\\\/\"},{\"@type\":\"ListItem\",\"position\":2,\"name\":\"Notre histoire\"}]},{\"@type\":\"WebSite\",\"@id\":\"https:\\\/\\\/campobadajoz.es\\\/fr\\\/#website\",\"url\":\"https:\\\/\\\/campobadajoz.es\\\/fr\\\/\",\"name\":\"Campo Badajoz\",\"description\":\"Productos ib\u00e9ricos de calidad\",\"publisher\":{\"@id\":\"https:\\\/\\\/campobadajoz.es\\\/fr\\\/#organization\"},\"potentialAction\":[{\"@type\":\"SearchAction\",\"target\":{\"@type\":\"EntryPoint\",\"urlTemplate\":\"https:\\\/\\\/campobadajoz.es\\\/fr\\\/?s={search_term_string}\"},\"query-input\":{\"@type\":\"PropertyValueSpecification\",\"valueRequired\":true,\"valueName\":\"search_term_string\"}}],\"inLanguage\":\"fr-FR\"},{\"@type\":\"Organization\",\"@id\":\"https:\\\/\\\/campobadajoz.es\\\/fr\\\/#organization\",\"name\":\"Campo Badajoz\",\"url\":\"https:\\\/\\\/campobadajoz.es\\\/fr\\\/\",\"logo\":{\"@type\":\"ImageObject\",\"inLanguage\":\"fr-FR\",\"@id\":\"https:\\\/\\\/campobadajoz.es\\\/fr\\\/#\\\/schema\\\/logo\\\/image\\\/\",\"url\":\"https:\\\/\\\/campobadajoz.es\\\/wp-content\\\/uploads\\\/2023\\\/05\\\/logo_blanco_png-1.webp\",\"contentUrl\":\"https:\\\/\\\/campobadajoz.es\\\/wp-content\\\/uploads\\\/2023\\\/05\\\/logo_blanco_png-1.webp\",\"width\":800,\"height\":800,\"caption\":\"Campo Badajoz\"},\"image\":{\"@id\":\"https:\\\/\\\/campobadajoz.es\\\/fr\\\/#\\\/schema\\\/logo\\\/image\\\/\"},\"sameAs\":[\"https:\\\/\\\/www.facebook.com\\\/campobadajoz.ibericodecampo\\\/\",\"https:\\\/\\\/x.com\\\/jamonibericos\",\"https:\\\/\\\/www.linkedin.com\\\/company\\\/campo-&-badajoz\\\/about\\\/\",\"https:\\\/\\\/www.instagram.com\\\/campobadajoz\\\/\"]}]}<\/script>\n<!-- \/ Yoast SEO plugin. -->","yoast_head_json":{"title":"Notre histoire - Campo Badajoz","robots":{"index":"index","follow":"follow","max-snippet":"max-snippet:-1","max-image-preview":"max-image-preview:large","max-video-preview":"max-video-preview:-1"},"canonical":"https:\/\/campobadajoz.es\/fr\/notre-histoire\/","og_locale":"fr_FR","og_type":"article","og_title":"Notre histoire - Campo Badajoz","og_description":"\u00c0 Campo Badajoz, nous sommes fiers d&rsquo;avoir plus de trois g\u00e9n\u00e9rations d\u00e9di\u00e9es \u00e0 la production de produits ib\u00e9riques de la plus haute qualit\u00e9. Fond\u00e9e au c\u0153ur de la r\u00e9gion d&rsquo;Estr\u00e9madure, dans le sud-ouest de l&rsquo;Espagne, notre entreprise a \u00e9t\u00e9 t\u00e9moin de l&rsquo;h\u00e9ritage et de la tradition du porc ib\u00e9rique au fil des ans. Tout a [&hellip;]","og_url":"https:\/\/campobadajoz.es\/fr\/notre-histoire\/","og_site_name":"Campo Badajoz","article_publisher":"https:\/\/www.facebook.com\/campobadajoz.ibericodecampo\/","article_modified_time":"2023-08-28T12:11:58+00:00","og_image":[{"width":600,"height":400,"url":"https:\/\/campobadajoz.es\/wp-content\/uploads\/2023\/06\/depositphotos_146860891-stock-photo-iberian-pig-pasturing-in-a.webp","type":"image\/webp"}],"twitter_card":"summary_large_image","twitter_site":"@jamonibericos","twitter_misc":{"Dur\u00e9e de lecture estim\u00e9e":"3 minutes"},"schema":{"@context":"https:\/\/schema.org","@graph":[{"@type":"WebPage","@id":"https:\/\/campobadajoz.es\/fr\/notre-histoire\/","url":"https:\/\/campobadajoz.es\/fr\/notre-histoire\/","name":"Notre histoire - Campo Badajoz","isPartOf":{"@id":"https:\/\/campobadajoz.es\/fr\/#website"},"primaryImageOfPage":{"@id":"https:\/\/campobadajoz.es\/fr\/notre-histoire\/#primaryimage"},"image":{"@id":"https:\/\/campobadajoz.es\/fr\/notre-histoire\/#primaryimage"},"thumbnailUrl":"https:\/\/campobadajoz.es\/wp-content\/uploads\/2023\/06\/depositphotos_146860891-stock-photo-iberian-pig-pasturing-in-a.webp","datePublished":"2023-05-19T12:27:08+00:00","dateModified":"2023-08-28T12:11:58+00:00","breadcrumb":{"@id":"https:\/\/campobadajoz.es\/fr\/notre-histoire\/#breadcrumb"},"inLanguage":"fr-FR","potentialAction":[{"@type":"ReadAction","target":["https:\/\/campobadajoz.es\/fr\/notre-histoire\/"]}]},{"@type":"ImageObject","inLanguage":"fr-FR","@id":"https:\/\/campobadajoz.es\/fr\/notre-histoire\/#primaryimage","url":"https:\/\/campobadajoz.es\/wp-content\/uploads\/2023\/06\/depositphotos_146860891-stock-photo-iberian-pig-pasturing-in-a.webp","contentUrl":"https:\/\/campobadajoz.es\/wp-content\/uploads\/2023\/06\/depositphotos_146860891-stock-photo-iberian-pig-pasturing-in-a.webp","width":600,"height":400,"caption":"Grados de jam\u00f3n ib\u00e9rico"},{"@type":"BreadcrumbList","@id":"https:\/\/campobadajoz.es\/fr\/notre-histoire\/#breadcrumb","itemListElement":[{"@type":"ListItem","position":1,"name":"Portada","item":"https:\/\/campobadajoz.es\/fr\/"},{"@type":"ListItem","position":2,"name":"Notre histoire"}]},{"@type":"WebSite","@id":"https:\/\/campobadajoz.es\/fr\/#website","url":"https:\/\/campobadajoz.es\/fr\/","name":"Campo Badajoz","description":"Productos ib\u00e9ricos de calidad","publisher":{"@id":"https:\/\/campobadajoz.es\/fr\/#organization"},"potentialAction":[{"@type":"SearchAction","target":{"@type":"EntryPoint","urlTemplate":"https:\/\/campobadajoz.es\/fr\/?s={search_term_string}"},"query-input":{"@type":"PropertyValueSpecification","valueRequired":true,"valueName":"search_term_string"}}],"inLanguage":"fr-FR"},{"@type":"Organization","@id":"https:\/\/campobadajoz.es\/fr\/#organization","name":"Campo Badajoz","url":"https:\/\/campobadajoz.es\/fr\/","logo":{"@type":"ImageObject","inLanguage":"fr-FR","@id":"https:\/\/campobadajoz.es\/fr\/#\/schema\/logo\/image\/","url":"https:\/\/campobadajoz.es\/wp-content\/uploads\/2023\/05\/logo_blanco_png-1.webp","contentUrl":"https:\/\/campobadajoz.es\/wp-content\/uploads\/2023\/05\/logo_blanco_png-1.webp","width":800,"height":800,"caption":"Campo Badajoz"},"image":{"@id":"https:\/\/campobadajoz.es\/fr\/#\/schema\/logo\/image\/"},"sameAs":["https:\/\/www.facebook.com\/campobadajoz.ibericodecampo\/","https:\/\/x.com\/jamonibericos","https:\/\/www.linkedin.com\/company\/campo-&-badajoz\/about\/","https:\/\/www.instagram.com\/campobadajoz\/"]}]}},"_links":{"self":[{"href":"https:\/\/campobadajoz.es\/fr\/wp-json\/wp\/v2\/pages\/2721","targetHints":{"allow":["GET"]}}],"collection":[{"href":"https:\/\/campobadajoz.es\/fr\/wp-json\/wp\/v2\/pages"}],"about":[{"href":"https:\/\/campobadajoz.es\/fr\/wp-json\/wp\/v2\/types\/page"}],"author":[{"embeddable":true,"href":"https:\/\/campobadajoz.es\/fr\/wp-json\/wp\/v2\/users\/1"}],"replies":[{"embeddable":true,"href":"https:\/\/campobadajoz.es\/fr\/wp-json\/wp\/v2\/comments?post=2721"}],"version-history":[{"count":0,"href":"https:\/\/campobadajoz.es\/fr\/wp-json\/wp\/v2\/pages\/2721\/revisions"}],"wp:featuredmedia":[{"embeddable":true,"href":"https:\/\/campobadajoz.es\/fr\/wp-json\/wp\/v2\/media\/1412"}],"wp:attachment":[{"href":"https:\/\/campobadajoz.es\/fr\/wp-json\/wp\/v2\/media?parent=2721"}],"curies":[{"name":"wp","href":"https:\/\/api.w.org\/{rel}","templated":true}]}}