{"id":2742,"date":"2023-05-19T12:44:30","date_gmt":"2023-05-19T12:44:30","guid":{"rendered":"https:\/\/campobadajoz.es\/avis-juridique\/"},"modified":"2023-08-28T11:23:58","modified_gmt":"2023-08-28T11:23:58","slug":"avis-juridique","status":"publish","type":"page","link":"https:\/\/campobadajoz.es\/fr\/avis-juridique\/","title":{"rendered":"Avis juridique"},"content":{"rendered":"<p><span lang=\"IT\" xml:lang=\"IT\">Conform\u00e9ment \u00e0 l&rsquo;article 10 de la loi 34\/2002, du 11 juillet, sur les services de la soci\u00e9t\u00e9 de l&rsquo;information et le commerce \u00e9lectronique (LSSICE), les donn\u00e9es d&rsquo;identification de la soci\u00e9t\u00e9 sont indiqu\u00e9es ci-dessous.<\/span><\/p>\n<p><strong>Nom commercial :<\/strong><\/p>\n<p>Campo Badajoz<\/p>\n<p><strong><span lang=\"IT\" xml:lang=\"IT\">Nom de l&rsquo;entreprise :<\/span><\/strong><\/p>\n<p><span lang=\"IT\" xml:lang=\"IT\">Porvi\u00f1a 2000 SL<\/span><\/p>\n<p><strong><span lang=\"IT\" xml:lang=\"IT\">Num\u00e9ro d&rsquo;identification fiscale :<\/span><\/strong><\/p>\n<p><span lang=\"IT\" xml:lang=\"IT\">B06334205<\/span><\/p>\n<p><strong><span lang=\"IT\" xml:lang=\"IT\">Si\u00e8ge social :<\/span><\/strong><\/p>\n<p><span lang=\"IT\" xml:lang=\"IT\">Avenida De La Estaci\u00f3n 4<\/span><\/p>\n<p><span lang=\"IT\" xml:lang=\"IT\">06300 Zafra<\/span><\/p>\n<p><strong><span lang=\"IT\" xml:lang=\"IT\">E-mail :<\/span><\/strong><\/p>\n<p><span lang=\"IT\" xml:lang=\"IT\">jm@campobadajoz.com<\/span><\/p>\n<p><strong><span lang=\"IT\" xml:lang=\"IT\">T\u00e9l\u00e9phone : <\/span><\/strong><\/p>\n<p><span lang=\"IT\" xml:lang=\"IT\">(0034) 924 55 00 22 &#8211; (0034) 649 46 24 27<\/span><\/p>\n<p><strong><span lang=\"IT\" xml:lang=\"IT\">Fax:<\/span><\/strong><\/p>\n<p><span lang=\"IT\" xml:lang=\"IT\">(0034) 924 55 00 22<\/span><\/p>\n<p><strong>D\u00e9tails de l&rsquo;inscription au registre du commerce :<\/strong><\/p>\n<p><span lang=\"IT\" xml:lang=\"IT\">Campo&amp;Badajoz &#8211; Porvi\u00f1a 2000 SL, soci\u00e9t\u00e9 anonyme constitu\u00e9e \u00e0 Zafra, en 2000, par acte public.<\/span><\/p>\n<p><span lang=\"IT\" xml:lang=\"IT\">Inscrit au registre du commerce de Badajoz au volume 218, folio 36, page BA-11268, entr\u00e9e 1.<\/span><\/p>\n<p><strong><span lang=\"IT\" xml:lang=\"IT\">Donn\u00e9es relatives \u00e0 l&rsquo;autorisation administrative pr\u00e9alable \u00e0 l&rsquo;exercice de l&rsquo;activit\u00e9 :<\/span><\/strong><\/p>\n<p>Enregistrement des soins de sant\u00e9 1023618\/BA<\/p>\n<p><span lang=\"NL\" xml:lang=\"NL\">Ce site web a \u00e9t\u00e9 cr\u00e9\u00e9 par l&rsquo;entreprise Campo &amp; Badajoz \u00e0 des fins d&rsquo;information et pour l&rsquo;usage personnel des utilisateurs, dans le but de r\u00e9glementer l&rsquo;acc\u00e8s et l&rsquo;utilisation de ce site web, ainsi que la relation entre le site web et ses utilisateurs. <\/span><span lang=\"IT\" xml:lang=\"IT\">En acc\u00e9dant \u00e0 ce site web, vous acceptez les termes et conditions suivants : L&rsquo;acc\u00e8s \u00e0 ce site rel\u00e8ve de la seule responsabilit\u00e9 des utilisateurs.<\/span><\/p>\n<p><span lang=\"IT\" xml:lang=\"IT\">Le simple acc\u00e8s \u00e0 ce site n&rsquo;implique aucun type de relation commerciale entre Campo &amp; Badajoz et l&rsquo;utilisateur.<\/span><\/p>\n<p><span lang=\"IT\" xml:lang=\"IT\">L&rsquo;acc\u00e8s et la navigation sur ce site impliquent l&rsquo;acceptation et la connaissance des avertissements l\u00e9gaux, des conditions et des modalit\u00e9s d&rsquo;utilisation qu&rsquo;il contient.<\/span><\/p>\n<p><span lang=\"IT\" xml:lang=\"IT\">Le propri\u00e9taire du site peut offrir des services ou des produits qui peuvent \u00eatre soumis \u00e0 des conditions particuli\u00e8res qui, selon le cas, peuvent remplacer, compl\u00e9ter et\/ou modifier les pr\u00e9sentes conditions, et dont l&rsquo;utilisateur sera inform\u00e9 dans chaque cas sp\u00e9cifique.<\/span><\/p>\n","protected":false},"excerpt":{"rendered":"<p>Conform\u00e9ment \u00e0 l&rsquo;article 10 de la loi 34\/2002, du 11 juillet, sur les services de la soci\u00e9t\u00e9 de l&rsquo;information et le commerce \u00e9lectronique (LSSICE), les donn\u00e9es d&rsquo;identification de la soci\u00e9t\u00e9 sont indiqu\u00e9es ci-dessous. Nom commercial : Campo Badajoz Nom de l&rsquo;entreprise : Porvi\u00f1a 2000 SL Num\u00e9ro d&rsquo;identification fiscale : B06334205 Si\u00e8ge social : Avenida De [&hellip;]<\/p>\n","protected":false},"author":1,"featured_media":2161,"parent":0,"menu_order":0,"comment_status":"closed","ping_status":"closed","template":"","meta":{"_acf_changed":false,"footnotes":""},"class_list":["post-2742","page","type-page","status-publish","has-post-thumbnail","hentry"],"acf":[],"yoast_head":"<!-- This site is optimized with the Yoast SEO plugin v27.4 - https:\/\/yoast.com\/product\/yoast-seo-wordpress\/ -->\n<title>Avis juridique - Campo Badajoz<\/title>\n<meta name=\"robots\" content=\"index, follow, max-snippet:-1, max-image-preview:large, max-video-preview:-1\" \/>\n<link rel=\"canonical\" href=\"https:\/\/campobadajoz.es\/fr\/avis-juridique\/\" \/>\n<meta property=\"og:locale\" content=\"fr_FR\" \/>\n<meta property=\"og:type\" content=\"article\" \/>\n<meta property=\"og:title\" content=\"Avis juridique - Campo Badajoz\" \/>\n<meta property=\"og:description\" content=\"Conform\u00e9ment \u00e0 l&rsquo;article 10 de la loi 34\/2002, du 11 juillet, sur les services de la soci\u00e9t\u00e9 de l&rsquo;information et le commerce \u00e9lectronique (LSSICE), les donn\u00e9es d&rsquo;identification de la soci\u00e9t\u00e9 sont indiqu\u00e9es ci-dessous. Nom commercial : Campo Badajoz Nom de l&rsquo;entreprise : Porvi\u00f1a 2000 SL Num\u00e9ro d&rsquo;identification fiscale : B06334205 Si\u00e8ge social : Avenida De [&hellip;]\" \/>\n<meta property=\"og:url\" content=\"https:\/\/campobadajoz.es\/fr\/avis-juridique\/\" \/>\n<meta property=\"og:site_name\" content=\"Campo Badajoz\" \/>\n<meta property=\"article:publisher\" content=\"https:\/\/www.facebook.com\/campobadajoz.ibericodecampo\/\" \/>\n<meta property=\"article:modified_time\" content=\"2023-08-28T11:23:58+00:00\" \/>\n<meta property=\"og:image\" content=\"https:\/\/campobadajoz.es\/wp-content\/uploads\/2023\/06\/AdobeStock_130650104-1-scaled.webp\" \/>\n\t<meta property=\"og:image:width\" content=\"2560\" \/>\n\t<meta property=\"og:image:height\" content=\"1707\" \/>\n\t<meta property=\"og:image:type\" content=\"image\/webp\" \/>\n<meta name=\"twitter:card\" content=\"summary_large_image\" \/>\n<meta name=\"twitter:site\" content=\"@jamonibericos\" \/>\n<meta name=\"twitter:label1\" content=\"Dur\u00e9e de lecture estim\u00e9e\" \/>\n\t<meta name=\"twitter:data1\" content=\"1 minute\" \/>\n<script type=\"application\/ld+json\" class=\"yoast-schema-graph\">{\"@context\":\"https:\\\/\\\/schema.org\",\"@graph\":[{\"@type\":\"WebPage\",\"@id\":\"https:\\\/\\\/campobadajoz.es\\\/fr\\\/avis-juridique\\\/\",\"url\":\"https:\\\/\\\/campobadajoz.es\\\/fr\\\/avis-juridique\\\/\",\"name\":\"Avis juridique - Campo Badajoz\",\"isPartOf\":{\"@id\":\"https:\\\/\\\/campobadajoz.es\\\/fr\\\/#website\"},\"primaryImageOfPage\":{\"@id\":\"https:\\\/\\\/campobadajoz.es\\\/fr\\\/avis-juridique\\\/#primaryimage\"},\"image\":{\"@id\":\"https:\\\/\\\/campobadajoz.es\\\/fr\\\/avis-juridique\\\/#primaryimage\"},\"thumbnailUrl\":\"https:\\\/\\\/campobadajoz.es\\\/wp-content\\\/uploads\\\/2023\\\/06\\\/AdobeStock_130650104-1-scaled.webp\",\"datePublished\":\"2023-05-19T12:44:30+00:00\",\"dateModified\":\"2023-08-28T11:23:58+00:00\",\"breadcrumb\":{\"@id\":\"https:\\\/\\\/campobadajoz.es\\\/fr\\\/avis-juridique\\\/#breadcrumb\"},\"inLanguage\":\"fr-FR\",\"potentialAction\":[{\"@type\":\"ReadAction\",\"target\":[\"https:\\\/\\\/campobadajoz.es\\\/fr\\\/avis-juridique\\\/\"]}]},{\"@type\":\"ImageObject\",\"inLanguage\":\"fr-FR\",\"@id\":\"https:\\\/\\\/campobadajoz.es\\\/fr\\\/avis-juridique\\\/#primaryimage\",\"url\":\"https:\\\/\\\/campobadajoz.es\\\/wp-content\\\/uploads\\\/2023\\\/06\\\/AdobeStock_130650104-1-scaled.webp\",\"contentUrl\":\"https:\\\/\\\/campobadajoz.es\\\/wp-content\\\/uploads\\\/2023\\\/06\\\/AdobeStock_130650104-1-scaled.webp\",\"width\":2560,\"height\":1707,\"caption\":\"Dehesa Extreme\u00f1a Cerdos\"},{\"@type\":\"BreadcrumbList\",\"@id\":\"https:\\\/\\\/campobadajoz.es\\\/fr\\\/avis-juridique\\\/#breadcrumb\",\"itemListElement\":[{\"@type\":\"ListItem\",\"position\":1,\"name\":\"Portada\",\"item\":\"https:\\\/\\\/campobadajoz.es\\\/fr\\\/\"},{\"@type\":\"ListItem\",\"position\":2,\"name\":\"Avis juridique\"}]},{\"@type\":\"WebSite\",\"@id\":\"https:\\\/\\\/campobadajoz.es\\\/fr\\\/#website\",\"url\":\"https:\\\/\\\/campobadajoz.es\\\/fr\\\/\",\"name\":\"Campo Badajoz\",\"description\":\"Productos ib\u00e9ricos de calidad\",\"publisher\":{\"@id\":\"https:\\\/\\\/campobadajoz.es\\\/fr\\\/#organization\"},\"potentialAction\":[{\"@type\":\"SearchAction\",\"target\":{\"@type\":\"EntryPoint\",\"urlTemplate\":\"https:\\\/\\\/campobadajoz.es\\\/fr\\\/?s={search_term_string}\"},\"query-input\":{\"@type\":\"PropertyValueSpecification\",\"valueRequired\":true,\"valueName\":\"search_term_string\"}}],\"inLanguage\":\"fr-FR\"},{\"@type\":\"Organization\",\"@id\":\"https:\\\/\\\/campobadajoz.es\\\/fr\\\/#organization\",\"name\":\"Campo Badajoz\",\"url\":\"https:\\\/\\\/campobadajoz.es\\\/fr\\\/\",\"logo\":{\"@type\":\"ImageObject\",\"inLanguage\":\"fr-FR\",\"@id\":\"https:\\\/\\\/campobadajoz.es\\\/fr\\\/#\\\/schema\\\/logo\\\/image\\\/\",\"url\":\"https:\\\/\\\/campobadajoz.es\\\/wp-content\\\/uploads\\\/2023\\\/05\\\/logo_blanco_png-1.webp\",\"contentUrl\":\"https:\\\/\\\/campobadajoz.es\\\/wp-content\\\/uploads\\\/2023\\\/05\\\/logo_blanco_png-1.webp\",\"width\":800,\"height\":800,\"caption\":\"Campo Badajoz\"},\"image\":{\"@id\":\"https:\\\/\\\/campobadajoz.es\\\/fr\\\/#\\\/schema\\\/logo\\\/image\\\/\"},\"sameAs\":[\"https:\\\/\\\/www.facebook.com\\\/campobadajoz.ibericodecampo\\\/\",\"https:\\\/\\\/x.com\\\/jamonibericos\",\"https:\\\/\\\/www.linkedin.com\\\/company\\\/campo-&-badajoz\\\/about\\\/\",\"https:\\\/\\\/www.instagram.com\\\/campobadajoz\\\/\"]}]}<\/script>\n<!-- \/ Yoast SEO plugin. -->","yoast_head_json":{"title":"Avis juridique - Campo Badajoz","robots":{"index":"index","follow":"follow","max-snippet":"max-snippet:-1","max-image-preview":"max-image-preview:large","max-video-preview":"max-video-preview:-1"},"canonical":"https:\/\/campobadajoz.es\/fr\/avis-juridique\/","og_locale":"fr_FR","og_type":"article","og_title":"Avis juridique - Campo Badajoz","og_description":"Conform\u00e9ment \u00e0 l&rsquo;article 10 de la loi 34\/2002, du 11 juillet, sur les services de la soci\u00e9t\u00e9 de l&rsquo;information et le commerce \u00e9lectronique (LSSICE), les donn\u00e9es d&rsquo;identification de la soci\u00e9t\u00e9 sont indiqu\u00e9es ci-dessous. Nom commercial : Campo Badajoz Nom de l&rsquo;entreprise : Porvi\u00f1a 2000 SL Num\u00e9ro d&rsquo;identification fiscale : B06334205 Si\u00e8ge social : Avenida De [&hellip;]","og_url":"https:\/\/campobadajoz.es\/fr\/avis-juridique\/","og_site_name":"Campo Badajoz","article_publisher":"https:\/\/www.facebook.com\/campobadajoz.ibericodecampo\/","article_modified_time":"2023-08-28T11:23:58+00:00","og_image":[{"width":2560,"height":1707,"url":"https:\/\/campobadajoz.es\/wp-content\/uploads\/2023\/06\/AdobeStock_130650104-1-scaled.webp","type":"image\/webp"}],"twitter_card":"summary_large_image","twitter_site":"@jamonibericos","twitter_misc":{"Dur\u00e9e de lecture estim\u00e9e":"1 minute"},"schema":{"@context":"https:\/\/schema.org","@graph":[{"@type":"WebPage","@id":"https:\/\/campobadajoz.es\/fr\/avis-juridique\/","url":"https:\/\/campobadajoz.es\/fr\/avis-juridique\/","name":"Avis juridique - Campo Badajoz","isPartOf":{"@id":"https:\/\/campobadajoz.es\/fr\/#website"},"primaryImageOfPage":{"@id":"https:\/\/campobadajoz.es\/fr\/avis-juridique\/#primaryimage"},"image":{"@id":"https:\/\/campobadajoz.es\/fr\/avis-juridique\/#primaryimage"},"thumbnailUrl":"https:\/\/campobadajoz.es\/wp-content\/uploads\/2023\/06\/AdobeStock_130650104-1-scaled.webp","datePublished":"2023-05-19T12:44:30+00:00","dateModified":"2023-08-28T11:23:58+00:00","breadcrumb":{"@id":"https:\/\/campobadajoz.es\/fr\/avis-juridique\/#breadcrumb"},"inLanguage":"fr-FR","potentialAction":[{"@type":"ReadAction","target":["https:\/\/campobadajoz.es\/fr\/avis-juridique\/"]}]},{"@type":"ImageObject","inLanguage":"fr-FR","@id":"https:\/\/campobadajoz.es\/fr\/avis-juridique\/#primaryimage","url":"https:\/\/campobadajoz.es\/wp-content\/uploads\/2023\/06\/AdobeStock_130650104-1-scaled.webp","contentUrl":"https:\/\/campobadajoz.es\/wp-content\/uploads\/2023\/06\/AdobeStock_130650104-1-scaled.webp","width":2560,"height":1707,"caption":"Dehesa Extreme\u00f1a Cerdos"},{"@type":"BreadcrumbList","@id":"https:\/\/campobadajoz.es\/fr\/avis-juridique\/#breadcrumb","itemListElement":[{"@type":"ListItem","position":1,"name":"Portada","item":"https:\/\/campobadajoz.es\/fr\/"},{"@type":"ListItem","position":2,"name":"Avis juridique"}]},{"@type":"WebSite","@id":"https:\/\/campobadajoz.es\/fr\/#website","url":"https:\/\/campobadajoz.es\/fr\/","name":"Campo Badajoz","description":"Productos ib\u00e9ricos de calidad","publisher":{"@id":"https:\/\/campobadajoz.es\/fr\/#organization"},"potentialAction":[{"@type":"SearchAction","target":{"@type":"EntryPoint","urlTemplate":"https:\/\/campobadajoz.es\/fr\/?s={search_term_string}"},"query-input":{"@type":"PropertyValueSpecification","valueRequired":true,"valueName":"search_term_string"}}],"inLanguage":"fr-FR"},{"@type":"Organization","@id":"https:\/\/campobadajoz.es\/fr\/#organization","name":"Campo Badajoz","url":"https:\/\/campobadajoz.es\/fr\/","logo":{"@type":"ImageObject","inLanguage":"fr-FR","@id":"https:\/\/campobadajoz.es\/fr\/#\/schema\/logo\/image\/","url":"https:\/\/campobadajoz.es\/wp-content\/uploads\/2023\/05\/logo_blanco_png-1.webp","contentUrl":"https:\/\/campobadajoz.es\/wp-content\/uploads\/2023\/05\/logo_blanco_png-1.webp","width":800,"height":800,"caption":"Campo Badajoz"},"image":{"@id":"https:\/\/campobadajoz.es\/fr\/#\/schema\/logo\/image\/"},"sameAs":["https:\/\/www.facebook.com\/campobadajoz.ibericodecampo\/","https:\/\/x.com\/jamonibericos","https:\/\/www.linkedin.com\/company\/campo-&-badajoz\/about\/","https:\/\/www.instagram.com\/campobadajoz\/"]}]}},"_links":{"self":[{"href":"https:\/\/campobadajoz.es\/fr\/wp-json\/wp\/v2\/pages\/2742","targetHints":{"allow":["GET"]}}],"collection":[{"href":"https:\/\/campobadajoz.es\/fr\/wp-json\/wp\/v2\/pages"}],"about":[{"href":"https:\/\/campobadajoz.es\/fr\/wp-json\/wp\/v2\/types\/page"}],"author":[{"embeddable":true,"href":"https:\/\/campobadajoz.es\/fr\/wp-json\/wp\/v2\/users\/1"}],"replies":[{"embeddable":true,"href":"https:\/\/campobadajoz.es\/fr\/wp-json\/wp\/v2\/comments?post=2742"}],"version-history":[{"count":0,"href":"https:\/\/campobadajoz.es\/fr\/wp-json\/wp\/v2\/pages\/2742\/revisions"}],"wp:featuredmedia":[{"embeddable":true,"href":"https:\/\/campobadajoz.es\/fr\/wp-json\/wp\/v2\/media\/2161"}],"wp:attachment":[{"href":"https:\/\/campobadajoz.es\/fr\/wp-json\/wp\/v2\/media?parent=2742"}],"curies":[{"name":"wp","href":"https:\/\/api.w.org\/{rel}","templated":true}]}}