{"id":2723,"date":"2023-05-19T12:27:08","date_gmt":"2023-05-19T12:27:08","guid":{"rendered":"https:\/\/campobadajoz.es\/la-nostra-storia\/"},"modified":"2023-08-28T12:16:01","modified_gmt":"2023-08-28T12:16:01","slug":"la-nostra-storia","status":"publish","type":"page","link":"https:\/\/campobadajoz.es\/it\/la-nostra-storia\/","title":{"rendered":"La nostra storia"},"content":{"rendered":"<p><span style=\"color: #7d797a;\">A <strong>Campo Badajoz<\/strong> siamo orgogliosi di avere pi\u00f9 di tre generazioni dedicate alla produzione di prodotti iberici di altissima qualit\u00e0. Fondata nel cuore della regione dell&#8217;Estremadura, nel sud-ovest della Spagna, la nostra azienda \u00e8 stata testimone dell&#8217;eredit\u00e0 e della tradizione del maiale iberico nel corso degli anni.<\/span><\/p>\n<p><span style=\"color: #7d797a;\">Tutto ebbe inizio nel 1950, quando i nostri antenati, amanti della gastronomia e appassionati di sapori autentici, decisero di stabilirsi nella fertile terra dell&#8217;Estremadura. Con la chiara visione di preservare la razza iberica e la sua eccezionale qualit\u00e0, hanno intrapreso il percorso impegnativo ma gratificante dell&#8217;allevamento e della produzione di prodotti derivati dal maiale iberico.<\/span><\/p>\n<p><span style=\"color: #7d797a;\">Da allora, abbiamo costruito una reputazione basata sull&#8217;eccellenza e sull&#8217;impegno per la qualit\u00e0. A <strong>Campo Badajoz<\/strong> siamo orgogliosi di mantenere le <strong>tradizioni e le tecniche artigianali<\/strong> tramandate di generazione in generazione. Ogni fase del processo, dall&#8217;allevamento dei suini alla lavorazione e alla stagionatura dei prodotti, viene eseguita con cura e dedizione.<\/span><\/p>\n<p><span style=\"color: #7d797a;\">Il nostro impegno per la qualit\u00e0 inizia con la selezione dei suini iberici. Allevati in pascoli, grandi aree di pascolo e boschi di lecci e querce da sughero, i nostri maiali godono di una vita in libert\u00e0, nutrendosi di ghiande ed erbe selvatiche durante la &#8220;montanera&#8221;. Questa dieta naturale ed equilibrata, insieme all&#8217;esercizio fisico all&#8217;aria aperta, contribuisce all&#8217;infiltrazione di grasso nella carne e conferisce ai nostri prodotti iberici il loro sapore e la loro consistenza distintivi.<\/span><\/p>\n<p><span style=\"color: #7d797a;\">A <strong>Campo Badajoz<\/strong>, l&#8217;elaborazione dei nostri prodotti \u00e8 una combinazione di tradizione e tecnologia moderna. Manteniamo un equilibrio tra tecniche di stagionatura ancestrali e pratiche innovative che ci permettono di garantire la qualit\u00e0 e la sicurezza dei nostri prodotti. La pazienza e il tempo sono elementi chiave nel processo di stagionatura, in quanto consentono ai sapori di svilupparsi e maturare in modo ottimale.<\/span><\/p>\n<p><span style=\"color: #7d797a;\">Oggi i nostri prodotti iberici sono riconosciuti e apprezzati a livello nazionale e internazionale. La nostra passione per l&#8217;autenticit\u00e0 e la nostra costante ricerca dell&#8217;eccellenza ci hanno portato ad ampliare la nostra portata e a portare i sapori dell&#8217;Estremadura ai palati pi\u00f9 esigenti di tutto il mondo.<\/span><\/p>\n<p><span style=\"color: #7d797a;\">A <strong>Campo Badajoz<\/strong> non produciamo solo cibo, ma condividiamo una storia, una passione e un profondo legame con la terra e la tradizione. Ogni boccone dei nostri prodotti \u00e8 un omaggio alla nostra storia, alle mani che hanno lavorato con amore e dedizione per crearli e alla cultura gastronomica della nostra terra.<\/span><\/p>\n<p><span style=\"color: #7d797a;\">Siamo entusiasti di continuare a scrivere la nostra storia e di condividere la nostra passione per i prodotti iberici con tutti coloro che apprezzano la qualit\u00e0 e il sapore autentico. Benvenuti a <strong>Campo Badajoz<\/strong>, dove tradizione ed eccellenza si ritrovano in ogni prodotto che realizziamo.<\/span><\/p>\n","protected":false},"excerpt":{"rendered":"<p>A Campo Badajoz siamo orgogliosi di avere pi\u00f9 di tre generazioni dedicate alla produzione di prodotti iberici di altissima qualit\u00e0. Fondata nel cuore della regione dell&#8217;Estremadura, nel sud-ovest della Spagna, la nostra azienda \u00e8 stata testimone dell&#8217;eredit\u00e0 e della tradizione del maiale iberico nel corso degli anni. Tutto ebbe inizio nel 1950, quando i nostri [&hellip;]<\/p>\n","protected":false},"author":1,"featured_media":1414,"parent":0,"menu_order":0,"comment_status":"closed","ping_status":"closed","template":"","meta":{"_acf_changed":false,"footnotes":""},"class_list":["post-2723","page","type-page","status-publish","has-post-thumbnail","hentry"],"acf":[],"yoast_head":"<!-- This site is optimized with the Yoast SEO plugin v27.4 - https:\/\/yoast.com\/product\/yoast-seo-wordpress\/ -->\n<title>La nostra storia - Campo Badajoz<\/title>\n<meta name=\"robots\" content=\"index, follow, max-snippet:-1, max-image-preview:large, max-video-preview:-1\" \/>\n<link rel=\"canonical\" href=\"https:\/\/campobadajoz.es\/it\/la-nostra-storia\/\" \/>\n<meta property=\"og:locale\" content=\"it_IT\" \/>\n<meta property=\"og:type\" content=\"article\" \/>\n<meta property=\"og:title\" content=\"La nostra storia - Campo Badajoz\" \/>\n<meta property=\"og:description\" content=\"A Campo Badajoz siamo orgogliosi di avere pi\u00f9 di tre generazioni dedicate alla produzione di prodotti iberici di altissima qualit\u00e0. Fondata nel cuore della regione dell&#8217;Estremadura, nel sud-ovest della Spagna, la nostra azienda \u00e8 stata testimone dell&#8217;eredit\u00e0 e della tradizione del maiale iberico nel corso degli anni. Tutto ebbe inizio nel 1950, quando i nostri [&hellip;]\" \/>\n<meta property=\"og:url\" content=\"https:\/\/campobadajoz.es\/it\/la-nostra-storia\/\" \/>\n<meta property=\"og:site_name\" content=\"Campo Badajoz\" \/>\n<meta property=\"article:publisher\" content=\"https:\/\/www.facebook.com\/campobadajoz.ibericodecampo\/\" \/>\n<meta property=\"article:modified_time\" content=\"2023-08-28T12:16:01+00:00\" \/>\n<meta property=\"og:image\" content=\"https:\/\/campobadajoz.es\/wp-content\/uploads\/2023\/06\/depositphotos_146860891-stock-photo-iberian-pig-pasturing-in-a.webp\" \/>\n\t<meta property=\"og:image:width\" content=\"600\" \/>\n\t<meta property=\"og:image:height\" content=\"400\" \/>\n\t<meta property=\"og:image:type\" content=\"image\/webp\" \/>\n<meta name=\"twitter:card\" content=\"summary_large_image\" \/>\n<meta name=\"twitter:site\" content=\"@jamonibericos\" \/>\n<meta name=\"twitter:label1\" content=\"Est. reading time\" \/>\n\t<meta name=\"twitter:data1\" content=\"2 minuti\" \/>\n<script type=\"application\/ld+json\" class=\"yoast-schema-graph\">{\"@context\":\"https:\\\/\\\/schema.org\",\"@graph\":[{\"@type\":\"WebPage\",\"@id\":\"https:\\\/\\\/campobadajoz.es\\\/it\\\/la-nostra-storia\\\/\",\"url\":\"https:\\\/\\\/campobadajoz.es\\\/it\\\/la-nostra-storia\\\/\",\"name\":\"La nostra storia - Campo Badajoz\",\"isPartOf\":{\"@id\":\"https:\\\/\\\/campobadajoz.es\\\/it\\\/#website\"},\"primaryImageOfPage\":{\"@id\":\"https:\\\/\\\/campobadajoz.es\\\/it\\\/la-nostra-storia\\\/#primaryimage\"},\"image\":{\"@id\":\"https:\\\/\\\/campobadajoz.es\\\/it\\\/la-nostra-storia\\\/#primaryimage\"},\"thumbnailUrl\":\"https:\\\/\\\/campobadajoz.es\\\/wp-content\\\/uploads\\\/2023\\\/06\\\/depositphotos_146860891-stock-photo-iberian-pig-pasturing-in-a.webp\",\"datePublished\":\"2023-05-19T12:27:08+00:00\",\"dateModified\":\"2023-08-28T12:16:01+00:00\",\"breadcrumb\":{\"@id\":\"https:\\\/\\\/campobadajoz.es\\\/it\\\/la-nostra-storia\\\/#breadcrumb\"},\"inLanguage\":\"it-IT\",\"potentialAction\":[{\"@type\":\"ReadAction\",\"target\":[\"https:\\\/\\\/campobadajoz.es\\\/it\\\/la-nostra-storia\\\/\"]}]},{\"@type\":\"ImageObject\",\"inLanguage\":\"it-IT\",\"@id\":\"https:\\\/\\\/campobadajoz.es\\\/it\\\/la-nostra-storia\\\/#primaryimage\",\"url\":\"https:\\\/\\\/campobadajoz.es\\\/wp-content\\\/uploads\\\/2023\\\/06\\\/depositphotos_146860891-stock-photo-iberian-pig-pasturing-in-a.webp\",\"contentUrl\":\"https:\\\/\\\/campobadajoz.es\\\/wp-content\\\/uploads\\\/2023\\\/06\\\/depositphotos_146860891-stock-photo-iberian-pig-pasturing-in-a.webp\",\"width\":600,\"height\":400,\"caption\":\"Grados de jam\u00f3n ib\u00e9rico\"},{\"@type\":\"BreadcrumbList\",\"@id\":\"https:\\\/\\\/campobadajoz.es\\\/it\\\/la-nostra-storia\\\/#breadcrumb\",\"itemListElement\":[{\"@type\":\"ListItem\",\"position\":1,\"name\":\"Portada\",\"item\":\"https:\\\/\\\/campobadajoz.es\\\/it\\\/\"},{\"@type\":\"ListItem\",\"position\":2,\"name\":\"La nostra storia\"}]},{\"@type\":\"WebSite\",\"@id\":\"https:\\\/\\\/campobadajoz.es\\\/it\\\/#website\",\"url\":\"https:\\\/\\\/campobadajoz.es\\\/it\\\/\",\"name\":\"Campo Badajoz\",\"description\":\"Productos ib\u00e9ricos de calidad\",\"publisher\":{\"@id\":\"https:\\\/\\\/campobadajoz.es\\\/it\\\/#organization\"},\"potentialAction\":[{\"@type\":\"SearchAction\",\"target\":{\"@type\":\"EntryPoint\",\"urlTemplate\":\"https:\\\/\\\/campobadajoz.es\\\/it\\\/?s={search_term_string}\"},\"query-input\":{\"@type\":\"PropertyValueSpecification\",\"valueRequired\":true,\"valueName\":\"search_term_string\"}}],\"inLanguage\":\"it-IT\"},{\"@type\":\"Organization\",\"@id\":\"https:\\\/\\\/campobadajoz.es\\\/it\\\/#organization\",\"name\":\"Campo Badajoz\",\"url\":\"https:\\\/\\\/campobadajoz.es\\\/it\\\/\",\"logo\":{\"@type\":\"ImageObject\",\"inLanguage\":\"it-IT\",\"@id\":\"https:\\\/\\\/campobadajoz.es\\\/it\\\/#\\\/schema\\\/logo\\\/image\\\/\",\"url\":\"https:\\\/\\\/campobadajoz.es\\\/wp-content\\\/uploads\\\/2023\\\/05\\\/logo_blanco_png-1.webp\",\"contentUrl\":\"https:\\\/\\\/campobadajoz.es\\\/wp-content\\\/uploads\\\/2023\\\/05\\\/logo_blanco_png-1.webp\",\"width\":800,\"height\":800,\"caption\":\"Campo Badajoz\"},\"image\":{\"@id\":\"https:\\\/\\\/campobadajoz.es\\\/it\\\/#\\\/schema\\\/logo\\\/image\\\/\"},\"sameAs\":[\"https:\\\/\\\/www.facebook.com\\\/campobadajoz.ibericodecampo\\\/\",\"https:\\\/\\\/x.com\\\/jamonibericos\",\"https:\\\/\\\/www.linkedin.com\\\/company\\\/campo-&-badajoz\\\/about\\\/\",\"https:\\\/\\\/www.instagram.com\\\/campobadajoz\\\/\"]}]}<\/script>\n<!-- \/ Yoast SEO plugin. -->","yoast_head_json":{"title":"La nostra storia - Campo Badajoz","robots":{"index":"index","follow":"follow","max-snippet":"max-snippet:-1","max-image-preview":"max-image-preview:large","max-video-preview":"max-video-preview:-1"},"canonical":"https:\/\/campobadajoz.es\/it\/la-nostra-storia\/","og_locale":"it_IT","og_type":"article","og_title":"La nostra storia - Campo Badajoz","og_description":"A Campo Badajoz siamo orgogliosi di avere pi\u00f9 di tre generazioni dedicate alla produzione di prodotti iberici di altissima qualit\u00e0. Fondata nel cuore della regione dell&#8217;Estremadura, nel sud-ovest della Spagna, la nostra azienda \u00e8 stata testimone dell&#8217;eredit\u00e0 e della tradizione del maiale iberico nel corso degli anni. Tutto ebbe inizio nel 1950, quando i nostri [&hellip;]","og_url":"https:\/\/campobadajoz.es\/it\/la-nostra-storia\/","og_site_name":"Campo Badajoz","article_publisher":"https:\/\/www.facebook.com\/campobadajoz.ibericodecampo\/","article_modified_time":"2023-08-28T12:16:01+00:00","og_image":[{"width":600,"height":400,"url":"https:\/\/campobadajoz.es\/wp-content\/uploads\/2023\/06\/depositphotos_146860891-stock-photo-iberian-pig-pasturing-in-a.webp","type":"image\/webp"}],"twitter_card":"summary_large_image","twitter_site":"@jamonibericos","twitter_misc":{"Est. reading time":"2 minuti"},"schema":{"@context":"https:\/\/schema.org","@graph":[{"@type":"WebPage","@id":"https:\/\/campobadajoz.es\/it\/la-nostra-storia\/","url":"https:\/\/campobadajoz.es\/it\/la-nostra-storia\/","name":"La nostra storia - Campo Badajoz","isPartOf":{"@id":"https:\/\/campobadajoz.es\/it\/#website"},"primaryImageOfPage":{"@id":"https:\/\/campobadajoz.es\/it\/la-nostra-storia\/#primaryimage"},"image":{"@id":"https:\/\/campobadajoz.es\/it\/la-nostra-storia\/#primaryimage"},"thumbnailUrl":"https:\/\/campobadajoz.es\/wp-content\/uploads\/2023\/06\/depositphotos_146860891-stock-photo-iberian-pig-pasturing-in-a.webp","datePublished":"2023-05-19T12:27:08+00:00","dateModified":"2023-08-28T12:16:01+00:00","breadcrumb":{"@id":"https:\/\/campobadajoz.es\/it\/la-nostra-storia\/#breadcrumb"},"inLanguage":"it-IT","potentialAction":[{"@type":"ReadAction","target":["https:\/\/campobadajoz.es\/it\/la-nostra-storia\/"]}]},{"@type":"ImageObject","inLanguage":"it-IT","@id":"https:\/\/campobadajoz.es\/it\/la-nostra-storia\/#primaryimage","url":"https:\/\/campobadajoz.es\/wp-content\/uploads\/2023\/06\/depositphotos_146860891-stock-photo-iberian-pig-pasturing-in-a.webp","contentUrl":"https:\/\/campobadajoz.es\/wp-content\/uploads\/2023\/06\/depositphotos_146860891-stock-photo-iberian-pig-pasturing-in-a.webp","width":600,"height":400,"caption":"Grados de jam\u00f3n ib\u00e9rico"},{"@type":"BreadcrumbList","@id":"https:\/\/campobadajoz.es\/it\/la-nostra-storia\/#breadcrumb","itemListElement":[{"@type":"ListItem","position":1,"name":"Portada","item":"https:\/\/campobadajoz.es\/it\/"},{"@type":"ListItem","position":2,"name":"La nostra storia"}]},{"@type":"WebSite","@id":"https:\/\/campobadajoz.es\/it\/#website","url":"https:\/\/campobadajoz.es\/it\/","name":"Campo Badajoz","description":"Productos ib\u00e9ricos de calidad","publisher":{"@id":"https:\/\/campobadajoz.es\/it\/#organization"},"potentialAction":[{"@type":"SearchAction","target":{"@type":"EntryPoint","urlTemplate":"https:\/\/campobadajoz.es\/it\/?s={search_term_string}"},"query-input":{"@type":"PropertyValueSpecification","valueRequired":true,"valueName":"search_term_string"}}],"inLanguage":"it-IT"},{"@type":"Organization","@id":"https:\/\/campobadajoz.es\/it\/#organization","name":"Campo Badajoz","url":"https:\/\/campobadajoz.es\/it\/","logo":{"@type":"ImageObject","inLanguage":"it-IT","@id":"https:\/\/campobadajoz.es\/it\/#\/schema\/logo\/image\/","url":"https:\/\/campobadajoz.es\/wp-content\/uploads\/2023\/05\/logo_blanco_png-1.webp","contentUrl":"https:\/\/campobadajoz.es\/wp-content\/uploads\/2023\/05\/logo_blanco_png-1.webp","width":800,"height":800,"caption":"Campo Badajoz"},"image":{"@id":"https:\/\/campobadajoz.es\/it\/#\/schema\/logo\/image\/"},"sameAs":["https:\/\/www.facebook.com\/campobadajoz.ibericodecampo\/","https:\/\/x.com\/jamonibericos","https:\/\/www.linkedin.com\/company\/campo-&-badajoz\/about\/","https:\/\/www.instagram.com\/campobadajoz\/"]}]}},"_links":{"self":[{"href":"https:\/\/campobadajoz.es\/it\/wp-json\/wp\/v2\/pages\/2723","targetHints":{"allow":["GET"]}}],"collection":[{"href":"https:\/\/campobadajoz.es\/it\/wp-json\/wp\/v2\/pages"}],"about":[{"href":"https:\/\/campobadajoz.es\/it\/wp-json\/wp\/v2\/types\/page"}],"author":[{"embeddable":true,"href":"https:\/\/campobadajoz.es\/it\/wp-json\/wp\/v2\/users\/1"}],"replies":[{"embeddable":true,"href":"https:\/\/campobadajoz.es\/it\/wp-json\/wp\/v2\/comments?post=2723"}],"version-history":[{"count":0,"href":"https:\/\/campobadajoz.es\/it\/wp-json\/wp\/v2\/pages\/2723\/revisions"}],"wp:featuredmedia":[{"embeddable":true,"href":"https:\/\/campobadajoz.es\/it\/wp-json\/wp\/v2\/media\/1414"}],"wp:attachment":[{"href":"https:\/\/campobadajoz.es\/it\/wp-json\/wp\/v2\/media?parent=2723"}],"curies":[{"name":"wp","href":"https:\/\/api.w.org\/{rel}","templated":true}]}}