{"id":2725,"date":"2023-05-19T12:27:08","date_gmt":"2023-05-19T12:27:08","guid":{"rendered":"https:\/\/campobadajoz.es\/nossa-historia\/"},"modified":"2023-08-28T12:22:40","modified_gmt":"2023-08-28T12:22:40","slug":"nossa-historia","status":"publish","type":"page","link":"https:\/\/campobadajoz.es\/pt-br\/nossa-historia\/","title":{"rendered":"Nossa hist\u00f3ria"},"content":{"rendered":"<p><span style=\"color: #7d797a;\">No <strong>Campo Badajoz<\/strong> orgulhamo-nos de ter mais de tr\u00eas gera\u00e7\u00f5es dedicadas \u00e0 produ\u00e7\u00e3o de produtos ib\u00e9ricos da mais elevada qualidade. Fundada no cora\u00e7\u00e3o da regi\u00e3o da Extremadura, no sudoeste de Espanha, a nossa empresa testemunhou ao longo dos anos o legado e a tradi\u00e7\u00e3o do porco ib\u00e9rico.<\/span><\/p>\n<p><span style=\"color: #7d797a;\">Tudo come\u00e7ou em 1950, quando os nossos antepassados, amantes da gastronomia e apaixonados pelos sabores aut\u00eanticos, decidiram instalar-se nas f\u00e9rteis terras da Extremadura. Com uma vis\u00e3o clara de preserva\u00e7\u00e3o da ra\u00e7a ib\u00e9rica e da sua excepcional qualidade, embarcaram no desafiante mas gratificante caminho da cria\u00e7\u00e3o e produ\u00e7\u00e3o de produtos derivados do porco ib\u00e9rico.<\/span><\/p>\n<p><span style=\"color: #7d797a;\">Desde ent\u00e3o, constru\u00edmos uma reputa\u00e7\u00e3o baseada na excel\u00eancia e no compromisso com a qualidade. No <strong>Campo Badajoz<\/strong> orgulhamo-nos de manter as <strong>tradi\u00e7\u00f5es e t\u00e9cnicas artesanais<\/strong> que foram transmitidas de gera\u00e7\u00e3o em gera\u00e7\u00e3o. Cada etapa do processo, desde a cria\u00e7\u00e3o dos su\u00ednos at\u00e9 a confec\u00e7\u00e3o e cura dos produtos, \u00e9 realizada com cuidado e dedica\u00e7\u00e3o.<\/span><\/p>\n<p><span style=\"color: #7d797a;\">O nosso compromisso com a qualidade come\u00e7a na sele\u00e7\u00e3o dos porcos ib\u00e9ricos. Criados em prados, grandes pastagens e bosques de azinheiras e sobreiros, os nossos porcos desfrutam de uma vida em liberdade, alimentando-se de bolotas e ervas silvestres durante a montanera. Esta alimenta\u00e7\u00e3o natural e equilibrada, aliada ao exerc\u00edcio ao ar livre, contribui para a infiltra\u00e7\u00e3o de gordura na carne e confere aos nossos produtos ib\u00e9ricos o seu sabor e textura distintivos.<\/span><\/p>\n<p><span style=\"color: #7d797a;\">No <strong>Campo Badajoz<\/strong>, a elabora\u00e7\u00e3o dos nossos produtos \u00e9 uma combina\u00e7\u00e3o de tradi\u00e7\u00e3o e tecnologia moderna. Mantemos um equil\u00edbrio entre t\u00e9cnicas de cura milenares e pr\u00e1ticas inovadoras que nos permitem garantir a qualidade e seguran\u00e7a dos nossos produtos. Paci\u00eancia e tempo s\u00e3o elementos-chave no processo de cura, pois permitem que os sabores se desenvolvam e amadure\u00e7am de forma ideal.<\/span><\/p>\n<p><span style=\"color: #7d797a;\">Hoje, os nossos produtos ib\u00e9ricos s\u00e3o reconhecidos e apreciados tanto a n\u00edvel nacional como internacional. A paix\u00e3o pelo aut\u00eantico e a procura constante pela excel\u00eancia levaram-nos a ampliar o nosso alcance e a levar os sabores da Extremadura aos paladares mais exigentes de todo o mundo.<\/span><\/p>\n<p><span style=\"color: #7d797a;\">No <strong>Campo Badajoz<\/strong> n\u00e3o s\u00f3 produzimos alimentos, mas partilhamos uma hist\u00f3ria, uma paix\u00e3o e uma profunda liga\u00e7\u00e3o \u00e0 terra e \u00e0 tradi\u00e7\u00e3o. Cada mordida nos nossos produtos \u00e9 uma homenagem \u00e0 nossa hist\u00f3ria, \u00e0s m\u00e3os que trabalharam com amor e dedica\u00e7\u00e3o para os criar e \u00e0 cultura gastron\u00f3mica da nossa terra.<\/span><\/p>\n<p><span style=\"color: #7d797a;\">Estamos entusiasmados por continuar a escrever a nossa hist\u00f3ria e partilhar a nossa paix\u00e3o pelos produtos ib\u00e9ricos com todos aqueles que apreciam qualidade e sabor aut\u00eantico. Bem-vindo ao <strong>Campo Badajoz<\/strong>, onde a tradi\u00e7\u00e3o e a excel\u00eancia se encontram em cada produto que fabricamos.<\/span><\/p>\n","protected":false},"excerpt":{"rendered":"<p>No Campo Badajoz orgulhamo-nos de ter mais de tr\u00eas gera\u00e7\u00f5es dedicadas \u00e0 produ\u00e7\u00e3o de produtos ib\u00e9ricos da mais elevada qualidade. Fundada no cora\u00e7\u00e3o da regi\u00e3o da Extremadura, no sudoeste de Espanha, a nossa empresa testemunhou ao longo dos anos o legado e a tradi\u00e7\u00e3o do porco ib\u00e9rico. Tudo come\u00e7ou em 1950, quando os nossos antepassados, [&hellip;]<\/p>\n","protected":false},"author":1,"featured_media":1416,"parent":0,"menu_order":0,"comment_status":"closed","ping_status":"closed","template":"","meta":{"_acf_changed":false,"footnotes":""},"class_list":["post-2725","page","type-page","status-publish","has-post-thumbnail","hentry"],"acf":[],"yoast_head":"<!-- This site is optimized with the Yoast SEO plugin v27.4 - https:\/\/yoast.com\/product\/yoast-seo-wordpress\/ -->\n<title>Nossa hist\u00f3ria - Campo Badajoz<\/title>\n<meta name=\"robots\" content=\"index, follow, max-snippet:-1, max-image-preview:large, max-video-preview:-1\" \/>\n<link rel=\"canonical\" href=\"https:\/\/campobadajoz.es\/pt-br\/nossa-historia\/\" \/>\n<meta property=\"og:locale\" content=\"pt_BR\" \/>\n<meta property=\"og:type\" content=\"article\" \/>\n<meta property=\"og:title\" content=\"Nossa hist\u00f3ria - Campo Badajoz\" \/>\n<meta property=\"og:description\" content=\"No Campo Badajoz orgulhamo-nos de ter mais de tr\u00eas gera\u00e7\u00f5es dedicadas \u00e0 produ\u00e7\u00e3o de produtos ib\u00e9ricos da mais elevada qualidade. Fundada no cora\u00e7\u00e3o da regi\u00e3o da Extremadura, no sudoeste de Espanha, a nossa empresa testemunhou ao longo dos anos o legado e a tradi\u00e7\u00e3o do porco ib\u00e9rico. Tudo come\u00e7ou em 1950, quando os nossos antepassados, [&hellip;]\" \/>\n<meta property=\"og:url\" content=\"https:\/\/campobadajoz.es\/pt-br\/nossa-historia\/\" \/>\n<meta property=\"og:site_name\" content=\"Campo Badajoz\" \/>\n<meta property=\"article:publisher\" content=\"https:\/\/www.facebook.com\/campobadajoz.ibericodecampo\/\" \/>\n<meta property=\"article:modified_time\" content=\"2023-08-28T12:22:40+00:00\" \/>\n<meta property=\"og:image\" content=\"https:\/\/campobadajoz.es\/wp-content\/uploads\/2023\/06\/depositphotos_146860891-stock-photo-iberian-pig-pasturing-in-a.webp\" \/>\n\t<meta property=\"og:image:width\" content=\"600\" \/>\n\t<meta property=\"og:image:height\" content=\"400\" \/>\n\t<meta property=\"og:image:type\" content=\"image\/webp\" \/>\n<meta name=\"twitter:card\" content=\"summary_large_image\" \/>\n<meta name=\"twitter:site\" content=\"@jamonibericos\" \/>\n<meta name=\"twitter:label1\" content=\"Est. reading time\" \/>\n\t<meta name=\"twitter:data1\" content=\"2 minutos\" \/>\n<script type=\"application\/ld+json\" class=\"yoast-schema-graph\">{\"@context\":\"https:\\\/\\\/schema.org\",\"@graph\":[{\"@type\":\"WebPage\",\"@id\":\"https:\\\/\\\/campobadajoz.es\\\/pt-br\\\/nossa-historia\\\/\",\"url\":\"https:\\\/\\\/campobadajoz.es\\\/pt-br\\\/nossa-historia\\\/\",\"name\":\"Nossa hist\u00f3ria - Campo Badajoz\",\"isPartOf\":{\"@id\":\"https:\\\/\\\/campobadajoz.es\\\/pt-br\\\/#website\"},\"primaryImageOfPage\":{\"@id\":\"https:\\\/\\\/campobadajoz.es\\\/pt-br\\\/nossa-historia\\\/#primaryimage\"},\"image\":{\"@id\":\"https:\\\/\\\/campobadajoz.es\\\/pt-br\\\/nossa-historia\\\/#primaryimage\"},\"thumbnailUrl\":\"https:\\\/\\\/campobadajoz.es\\\/wp-content\\\/uploads\\\/2023\\\/06\\\/depositphotos_146860891-stock-photo-iberian-pig-pasturing-in-a.webp\",\"datePublished\":\"2023-05-19T12:27:08+00:00\",\"dateModified\":\"2023-08-28T12:22:40+00:00\",\"breadcrumb\":{\"@id\":\"https:\\\/\\\/campobadajoz.es\\\/pt-br\\\/nossa-historia\\\/#breadcrumb\"},\"inLanguage\":\"pt-BR\",\"potentialAction\":[{\"@type\":\"ReadAction\",\"target\":[\"https:\\\/\\\/campobadajoz.es\\\/pt-br\\\/nossa-historia\\\/\"]}]},{\"@type\":\"ImageObject\",\"inLanguage\":\"pt-BR\",\"@id\":\"https:\\\/\\\/campobadajoz.es\\\/pt-br\\\/nossa-historia\\\/#primaryimage\",\"url\":\"https:\\\/\\\/campobadajoz.es\\\/wp-content\\\/uploads\\\/2023\\\/06\\\/depositphotos_146860891-stock-photo-iberian-pig-pasturing-in-a.webp\",\"contentUrl\":\"https:\\\/\\\/campobadajoz.es\\\/wp-content\\\/uploads\\\/2023\\\/06\\\/depositphotos_146860891-stock-photo-iberian-pig-pasturing-in-a.webp\",\"width\":600,\"height\":400,\"caption\":\"Grados de jam\u00f3n ib\u00e9rico\"},{\"@type\":\"BreadcrumbList\",\"@id\":\"https:\\\/\\\/campobadajoz.es\\\/pt-br\\\/nossa-historia\\\/#breadcrumb\",\"itemListElement\":[{\"@type\":\"ListItem\",\"position\":1,\"name\":\"Portada\",\"item\":\"https:\\\/\\\/campobadajoz.es\\\/pt-br\\\/\"},{\"@type\":\"ListItem\",\"position\":2,\"name\":\"Nossa hist\u00f3ria\"}]},{\"@type\":\"WebSite\",\"@id\":\"https:\\\/\\\/campobadajoz.es\\\/pt-br\\\/#website\",\"url\":\"https:\\\/\\\/campobadajoz.es\\\/pt-br\\\/\",\"name\":\"Campo Badajoz\",\"description\":\"Productos ib\u00e9ricos de calidad\",\"publisher\":{\"@id\":\"https:\\\/\\\/campobadajoz.es\\\/pt-br\\\/#organization\"},\"potentialAction\":[{\"@type\":\"SearchAction\",\"target\":{\"@type\":\"EntryPoint\",\"urlTemplate\":\"https:\\\/\\\/campobadajoz.es\\\/pt-br\\\/?s={search_term_string}\"},\"query-input\":{\"@type\":\"PropertyValueSpecification\",\"valueRequired\":true,\"valueName\":\"search_term_string\"}}],\"inLanguage\":\"pt-BR\"},{\"@type\":\"Organization\",\"@id\":\"https:\\\/\\\/campobadajoz.es\\\/pt-br\\\/#organization\",\"name\":\"Campo Badajoz\",\"url\":\"https:\\\/\\\/campobadajoz.es\\\/pt-br\\\/\",\"logo\":{\"@type\":\"ImageObject\",\"inLanguage\":\"pt-BR\",\"@id\":\"https:\\\/\\\/campobadajoz.es\\\/pt-br\\\/#\\\/schema\\\/logo\\\/image\\\/\",\"url\":\"https:\\\/\\\/campobadajoz.es\\\/wp-content\\\/uploads\\\/2023\\\/05\\\/logo_blanco_png-1.webp\",\"contentUrl\":\"https:\\\/\\\/campobadajoz.es\\\/wp-content\\\/uploads\\\/2023\\\/05\\\/logo_blanco_png-1.webp\",\"width\":800,\"height\":800,\"caption\":\"Campo Badajoz\"},\"image\":{\"@id\":\"https:\\\/\\\/campobadajoz.es\\\/pt-br\\\/#\\\/schema\\\/logo\\\/image\\\/\"},\"sameAs\":[\"https:\\\/\\\/www.facebook.com\\\/campobadajoz.ibericodecampo\\\/\",\"https:\\\/\\\/x.com\\\/jamonibericos\",\"https:\\\/\\\/www.linkedin.com\\\/company\\\/campo-&-badajoz\\\/about\\\/\",\"https:\\\/\\\/www.instagram.com\\\/campobadajoz\\\/\"]}]}<\/script>\n<!-- \/ Yoast SEO plugin. -->","yoast_head_json":{"title":"Nossa hist\u00f3ria - Campo Badajoz","robots":{"index":"index","follow":"follow","max-snippet":"max-snippet:-1","max-image-preview":"max-image-preview:large","max-video-preview":"max-video-preview:-1"},"canonical":"https:\/\/campobadajoz.es\/pt-br\/nossa-historia\/","og_locale":"pt_BR","og_type":"article","og_title":"Nossa hist\u00f3ria - Campo Badajoz","og_description":"No Campo Badajoz orgulhamo-nos de ter mais de tr\u00eas gera\u00e7\u00f5es dedicadas \u00e0 produ\u00e7\u00e3o de produtos ib\u00e9ricos da mais elevada qualidade. Fundada no cora\u00e7\u00e3o da regi\u00e3o da Extremadura, no sudoeste de Espanha, a nossa empresa testemunhou ao longo dos anos o legado e a tradi\u00e7\u00e3o do porco ib\u00e9rico. Tudo come\u00e7ou em 1950, quando os nossos antepassados, [&hellip;]","og_url":"https:\/\/campobadajoz.es\/pt-br\/nossa-historia\/","og_site_name":"Campo Badajoz","article_publisher":"https:\/\/www.facebook.com\/campobadajoz.ibericodecampo\/","article_modified_time":"2023-08-28T12:22:40+00:00","og_image":[{"width":600,"height":400,"url":"https:\/\/campobadajoz.es\/wp-content\/uploads\/2023\/06\/depositphotos_146860891-stock-photo-iberian-pig-pasturing-in-a.webp","type":"image\/webp"}],"twitter_card":"summary_large_image","twitter_site":"@jamonibericos","twitter_misc":{"Est. reading time":"2 minutos"},"schema":{"@context":"https:\/\/schema.org","@graph":[{"@type":"WebPage","@id":"https:\/\/campobadajoz.es\/pt-br\/nossa-historia\/","url":"https:\/\/campobadajoz.es\/pt-br\/nossa-historia\/","name":"Nossa hist\u00f3ria - Campo Badajoz","isPartOf":{"@id":"https:\/\/campobadajoz.es\/pt-br\/#website"},"primaryImageOfPage":{"@id":"https:\/\/campobadajoz.es\/pt-br\/nossa-historia\/#primaryimage"},"image":{"@id":"https:\/\/campobadajoz.es\/pt-br\/nossa-historia\/#primaryimage"},"thumbnailUrl":"https:\/\/campobadajoz.es\/wp-content\/uploads\/2023\/06\/depositphotos_146860891-stock-photo-iberian-pig-pasturing-in-a.webp","datePublished":"2023-05-19T12:27:08+00:00","dateModified":"2023-08-28T12:22:40+00:00","breadcrumb":{"@id":"https:\/\/campobadajoz.es\/pt-br\/nossa-historia\/#breadcrumb"},"inLanguage":"pt-BR","potentialAction":[{"@type":"ReadAction","target":["https:\/\/campobadajoz.es\/pt-br\/nossa-historia\/"]}]},{"@type":"ImageObject","inLanguage":"pt-BR","@id":"https:\/\/campobadajoz.es\/pt-br\/nossa-historia\/#primaryimage","url":"https:\/\/campobadajoz.es\/wp-content\/uploads\/2023\/06\/depositphotos_146860891-stock-photo-iberian-pig-pasturing-in-a.webp","contentUrl":"https:\/\/campobadajoz.es\/wp-content\/uploads\/2023\/06\/depositphotos_146860891-stock-photo-iberian-pig-pasturing-in-a.webp","width":600,"height":400,"caption":"Grados de jam\u00f3n ib\u00e9rico"},{"@type":"BreadcrumbList","@id":"https:\/\/campobadajoz.es\/pt-br\/nossa-historia\/#breadcrumb","itemListElement":[{"@type":"ListItem","position":1,"name":"Portada","item":"https:\/\/campobadajoz.es\/pt-br\/"},{"@type":"ListItem","position":2,"name":"Nossa hist\u00f3ria"}]},{"@type":"WebSite","@id":"https:\/\/campobadajoz.es\/pt-br\/#website","url":"https:\/\/campobadajoz.es\/pt-br\/","name":"Campo Badajoz","description":"Productos ib\u00e9ricos de calidad","publisher":{"@id":"https:\/\/campobadajoz.es\/pt-br\/#organization"},"potentialAction":[{"@type":"SearchAction","target":{"@type":"EntryPoint","urlTemplate":"https:\/\/campobadajoz.es\/pt-br\/?s={search_term_string}"},"query-input":{"@type":"PropertyValueSpecification","valueRequired":true,"valueName":"search_term_string"}}],"inLanguage":"pt-BR"},{"@type":"Organization","@id":"https:\/\/campobadajoz.es\/pt-br\/#organization","name":"Campo Badajoz","url":"https:\/\/campobadajoz.es\/pt-br\/","logo":{"@type":"ImageObject","inLanguage":"pt-BR","@id":"https:\/\/campobadajoz.es\/pt-br\/#\/schema\/logo\/image\/","url":"https:\/\/campobadajoz.es\/wp-content\/uploads\/2023\/05\/logo_blanco_png-1.webp","contentUrl":"https:\/\/campobadajoz.es\/wp-content\/uploads\/2023\/05\/logo_blanco_png-1.webp","width":800,"height":800,"caption":"Campo Badajoz"},"image":{"@id":"https:\/\/campobadajoz.es\/pt-br\/#\/schema\/logo\/image\/"},"sameAs":["https:\/\/www.facebook.com\/campobadajoz.ibericodecampo\/","https:\/\/x.com\/jamonibericos","https:\/\/www.linkedin.com\/company\/campo-&-badajoz\/about\/","https:\/\/www.instagram.com\/campobadajoz\/"]}]}},"_links":{"self":[{"href":"https:\/\/campobadajoz.es\/pt-br\/wp-json\/wp\/v2\/pages\/2725","targetHints":{"allow":["GET"]}}],"collection":[{"href":"https:\/\/campobadajoz.es\/pt-br\/wp-json\/wp\/v2\/pages"}],"about":[{"href":"https:\/\/campobadajoz.es\/pt-br\/wp-json\/wp\/v2\/types\/page"}],"author":[{"embeddable":true,"href":"https:\/\/campobadajoz.es\/pt-br\/wp-json\/wp\/v2\/users\/1"}],"replies":[{"embeddable":true,"href":"https:\/\/campobadajoz.es\/pt-br\/wp-json\/wp\/v2\/comments?post=2725"}],"version-history":[{"count":0,"href":"https:\/\/campobadajoz.es\/pt-br\/wp-json\/wp\/v2\/pages\/2725\/revisions"}],"wp:featuredmedia":[{"embeddable":true,"href":"https:\/\/campobadajoz.es\/pt-br\/wp-json\/wp\/v2\/media\/1416"}],"wp:attachment":[{"href":"https:\/\/campobadajoz.es\/pt-br\/wp-json\/wp\/v2\/media?parent=2725"}],"curies":[{"name":"wp","href":"https:\/\/api.w.org\/{rel}","templated":true}]}}