{"id":2746,"date":"2023-05-19T12:44:30","date_gmt":"2023-05-19T12:44:30","guid":{"rendered":"https:\/\/campobadajoz.es\/aviso-legal\/"},"modified":"2023-08-28T11:43:17","modified_gmt":"2023-08-28T11:43:17","slug":"aviso-legal","status":"publish","type":"page","link":"https:\/\/campobadajoz.es\/pt-br\/aviso-legal\/","title":{"rendered":"Aviso legal"},"content":{"rendered":"<p><span lang=\"IT\" xml:lang=\"IT\">Em conformidade com o artigo 10\u00ba da Lei 34\/2002, de 11 de julho, de Servi\u00e7os da Sociedade da Informa\u00e7\u00e3o e do Com\u00e9rcio Eletr\u00f3nico (LSSICE), os dados de identifica\u00e7\u00e3o da empresa s\u00e3o os seguintes<\/span><\/p>\n<p><strong>Nome comercial:<\/strong><\/p>\n<p>Campo Badajoz<\/p>\n<p><strong><span lang=\"IT\" xml:lang=\"IT\">Nome da empresa:<\/span><\/strong><\/p>\n<p><span lang=\"IT\" xml:lang=\"IT\">Porvi\u00f1a 2000 SL<\/span><\/p>\n<p><strong><span lang=\"IT\" xml:lang=\"IT\">N\u00famero de identifica\u00e7\u00e3o fiscal:<\/span><\/strong><\/p>\n<p><span lang=\"IT\" xml:lang=\"IT\">B06334205<\/span><\/p>\n<p><strong><span lang=\"IT\" xml:lang=\"IT\">Sede social:<\/span><\/strong><\/p>\n<p><span lang=\"IT\" xml:lang=\"IT\">Avenida De La Estaci\u00f3n 4<\/span><\/p>\n<p><span lang=\"IT\" xml:lang=\"IT\">06300 Zafra<\/span><\/p>\n<p><strong><span lang=\"IT\" xml:lang=\"IT\">Correo electr\u00f3nico:<\/span><\/strong><\/p>\n<p><span lang=\"IT\" xml:lang=\"IT\">jm@campobadajoz.com<\/span><\/p>\n<p><strong><span lang=\"IT\" xml:lang=\"IT\">Telefone: <\/span><\/strong><\/p>\n<p><span lang=\"IT\" xml:lang=\"IT\">(0034) 924 55 00 22 &#8211; (0034) 649 46 24 27<\/span><\/p>\n<p><strong><span lang=\"IT\" xml:lang=\"IT\">Fax:<\/span><\/strong><\/p>\n<p><span lang=\"IT\" xml:lang=\"IT\">(0034) 924 55 00 22<\/span><\/p>\n<p><strong>Dados da inscri\u00e7\u00e3o no registo comercial:<\/strong><\/p>\n<p><span lang=\"IT\" xml:lang=\"IT\">Campo &amp; Badajoz &#8211; Porvi\u00f1a 2000 SL, sociedade an\u00f3nima constitu\u00edda em Zafra, no ano 2000, por escritura p\u00fablica.<\/span><\/p>\n<p><span lang=\"IT\" xml:lang=\"IT\">Matr\u00edcula no Registo Comercial de Badajoz no tomo 218, f\u00f3lio 36, folha BA-11268, inscri\u00e7\u00e3o 1.<\/span><\/p>\n<p><strong><span lang=\"IT\" xml:lang=\"IT\">Dados relativos \u00e0 autoriza\u00e7\u00e3o administrativa pr\u00e9via para o exerc\u00edcio da atividade:<\/span><\/strong><\/p>\n<p>Registo sanit\u00e1rio 1023618\/BA<\/p>\n<p><span lang=\"NL\" xml:lang=\"NL\">Este site foi criado pela empresa Campo &amp; Badajoz para fins informativos e para uso pessoal dos utilizadores, com o objetivo de regular o acesso e a utiliza\u00e7\u00e3o deste site, bem como a rela\u00e7\u00e3o entre o site e os seus utilizadores. <\/span><span lang=\"IT\" xml:lang=\"IT\">Ao aceder a este s\u00edtio Web, o utilizador aceita os seguintes termos e condi\u00e7\u00f5es: O acesso a este website \u00e9 da exclusiva responsabilidade dos utilizadores.<\/span><\/p>\n<p><span lang=\"IT\" xml:lang=\"IT\">O simples acesso a este s\u00edtio Web n\u00e3o implica qualquer tipo de rela\u00e7\u00e3o comercial entre a Campo &amp; Badajoz e o utilizador.<\/span><\/p>\n<p><span lang=\"IT\" xml:lang=\"IT\">O acesso e a navega\u00e7\u00e3o neste s\u00edtio Web implicam a aceita\u00e7\u00e3o e o conhecimento das advert\u00eancias legais, condi\u00e7\u00f5es e termos de utiliza\u00e7\u00e3o nele contidos.<\/span><\/p>\n<p><span lang=\"IT\" xml:lang=\"IT\">O propriet\u00e1rio do s\u00edtio Web pode oferecer servi\u00e7os ou produtos que podem estar sujeitos \u00e0s suas pr\u00f3prias condi\u00e7\u00f5es particulares que, consoante o caso, podem substituir, completar e\/ou modificar as presentes condi\u00e7\u00f5es, e sobre as quais o utilizador ser\u00e1 informado em cada caso espec\u00edfico.<\/span><\/p>\n","protected":false},"excerpt":{"rendered":"<p>Em conformidade com o artigo 10\u00ba da Lei 34\/2002, de 11 de julho, de Servi\u00e7os da Sociedade da Informa\u00e7\u00e3o e do Com\u00e9rcio Eletr\u00f3nico (LSSICE), os dados de identifica\u00e7\u00e3o da empresa s\u00e3o os seguintes Nome comercial: Campo Badajoz Nome da empresa: Porvi\u00f1a 2000 SL N\u00famero de identifica\u00e7\u00e3o fiscal: B06334205 Sede social: Avenida De La Estaci\u00f3n 4 [&hellip;]<\/p>\n","protected":false},"author":1,"featured_media":2165,"parent":0,"menu_order":0,"comment_status":"closed","ping_status":"closed","template":"","meta":{"_acf_changed":false,"footnotes":""},"class_list":["post-2746","page","type-page","status-publish","has-post-thumbnail","hentry"],"acf":[],"yoast_head":"<!-- This site is optimized with the Yoast SEO plugin v27.4 - https:\/\/yoast.com\/product\/yoast-seo-wordpress\/ -->\n<title>Aviso legal - Campo Badajoz<\/title>\n<meta name=\"robots\" content=\"index, follow, max-snippet:-1, max-image-preview:large, max-video-preview:-1\" \/>\n<link rel=\"canonical\" href=\"https:\/\/campobadajoz.es\/pt-br\/aviso-legal\/\" \/>\n<meta property=\"og:locale\" content=\"pt_BR\" \/>\n<meta property=\"og:type\" content=\"article\" \/>\n<meta property=\"og:title\" content=\"Aviso legal - Campo Badajoz\" \/>\n<meta property=\"og:description\" content=\"Em conformidade com o artigo 10\u00ba da Lei 34\/2002, de 11 de julho, de Servi\u00e7os da Sociedade da Informa\u00e7\u00e3o e do Com\u00e9rcio Eletr\u00f3nico (LSSICE), os dados de identifica\u00e7\u00e3o da empresa s\u00e3o os seguintes Nome comercial: Campo Badajoz Nome da empresa: Porvi\u00f1a 2000 SL N\u00famero de identifica\u00e7\u00e3o fiscal: B06334205 Sede social: Avenida De La Estaci\u00f3n 4 [&hellip;]\" \/>\n<meta property=\"og:url\" content=\"https:\/\/campobadajoz.es\/pt-br\/aviso-legal\/\" \/>\n<meta property=\"og:site_name\" content=\"Campo Badajoz\" \/>\n<meta property=\"article:publisher\" content=\"https:\/\/www.facebook.com\/campobadajoz.ibericodecampo\/\" \/>\n<meta property=\"article:modified_time\" content=\"2023-08-28T11:43:17+00:00\" \/>\n<meta property=\"og:image\" content=\"https:\/\/campobadajoz.es\/wp-content\/uploads\/2023\/06\/AdobeStock_130650104-1-scaled.webp\" \/>\n\t<meta property=\"og:image:width\" content=\"2560\" \/>\n\t<meta property=\"og:image:height\" content=\"1707\" \/>\n\t<meta property=\"og:image:type\" content=\"image\/webp\" \/>\n<meta name=\"twitter:card\" content=\"summary_large_image\" \/>\n<meta name=\"twitter:site\" content=\"@jamonibericos\" \/>\n<meta name=\"twitter:label1\" content=\"Est. reading time\" \/>\n\t<meta name=\"twitter:data1\" content=\"2 minutos\" \/>\n<script type=\"application\/ld+json\" class=\"yoast-schema-graph\">{\"@context\":\"https:\\\/\\\/schema.org\",\"@graph\":[{\"@type\":\"WebPage\",\"@id\":\"https:\\\/\\\/campobadajoz.es\\\/pt-br\\\/aviso-legal\\\/\",\"url\":\"https:\\\/\\\/campobadajoz.es\\\/pt-br\\\/aviso-legal\\\/\",\"name\":\"Aviso legal - Campo Badajoz\",\"isPartOf\":{\"@id\":\"https:\\\/\\\/campobadajoz.es\\\/pt-br\\\/#website\"},\"primaryImageOfPage\":{\"@id\":\"https:\\\/\\\/campobadajoz.es\\\/pt-br\\\/aviso-legal\\\/#primaryimage\"},\"image\":{\"@id\":\"https:\\\/\\\/campobadajoz.es\\\/pt-br\\\/aviso-legal\\\/#primaryimage\"},\"thumbnailUrl\":\"https:\\\/\\\/campobadajoz.es\\\/wp-content\\\/uploads\\\/2023\\\/06\\\/AdobeStock_130650104-1-scaled.webp\",\"datePublished\":\"2023-05-19T12:44:30+00:00\",\"dateModified\":\"2023-08-28T11:43:17+00:00\",\"breadcrumb\":{\"@id\":\"https:\\\/\\\/campobadajoz.es\\\/pt-br\\\/aviso-legal\\\/#breadcrumb\"},\"inLanguage\":\"pt-BR\",\"potentialAction\":[{\"@type\":\"ReadAction\",\"target\":[\"https:\\\/\\\/campobadajoz.es\\\/pt-br\\\/aviso-legal\\\/\"]}]},{\"@type\":\"ImageObject\",\"inLanguage\":\"pt-BR\",\"@id\":\"https:\\\/\\\/campobadajoz.es\\\/pt-br\\\/aviso-legal\\\/#primaryimage\",\"url\":\"https:\\\/\\\/campobadajoz.es\\\/wp-content\\\/uploads\\\/2023\\\/06\\\/AdobeStock_130650104-1-scaled.webp\",\"contentUrl\":\"https:\\\/\\\/campobadajoz.es\\\/wp-content\\\/uploads\\\/2023\\\/06\\\/AdobeStock_130650104-1-scaled.webp\",\"width\":2560,\"height\":1707,\"caption\":\"Dehesa Extreme\u00f1a Cerdos\"},{\"@type\":\"BreadcrumbList\",\"@id\":\"https:\\\/\\\/campobadajoz.es\\\/pt-br\\\/aviso-legal\\\/#breadcrumb\",\"itemListElement\":[{\"@type\":\"ListItem\",\"position\":1,\"name\":\"Portada\",\"item\":\"https:\\\/\\\/campobadajoz.es\\\/pt-br\\\/\"},{\"@type\":\"ListItem\",\"position\":2,\"name\":\"Aviso legal\"}]},{\"@type\":\"WebSite\",\"@id\":\"https:\\\/\\\/campobadajoz.es\\\/pt-br\\\/#website\",\"url\":\"https:\\\/\\\/campobadajoz.es\\\/pt-br\\\/\",\"name\":\"Campo Badajoz\",\"description\":\"Productos ib\u00e9ricos de calidad\",\"publisher\":{\"@id\":\"https:\\\/\\\/campobadajoz.es\\\/pt-br\\\/#organization\"},\"potentialAction\":[{\"@type\":\"SearchAction\",\"target\":{\"@type\":\"EntryPoint\",\"urlTemplate\":\"https:\\\/\\\/campobadajoz.es\\\/pt-br\\\/?s={search_term_string}\"},\"query-input\":{\"@type\":\"PropertyValueSpecification\",\"valueRequired\":true,\"valueName\":\"search_term_string\"}}],\"inLanguage\":\"pt-BR\"},{\"@type\":\"Organization\",\"@id\":\"https:\\\/\\\/campobadajoz.es\\\/pt-br\\\/#organization\",\"name\":\"Campo Badajoz\",\"url\":\"https:\\\/\\\/campobadajoz.es\\\/pt-br\\\/\",\"logo\":{\"@type\":\"ImageObject\",\"inLanguage\":\"pt-BR\",\"@id\":\"https:\\\/\\\/campobadajoz.es\\\/pt-br\\\/#\\\/schema\\\/logo\\\/image\\\/\",\"url\":\"https:\\\/\\\/campobadajoz.es\\\/wp-content\\\/uploads\\\/2023\\\/05\\\/logo_blanco_png-1.webp\",\"contentUrl\":\"https:\\\/\\\/campobadajoz.es\\\/wp-content\\\/uploads\\\/2023\\\/05\\\/logo_blanco_png-1.webp\",\"width\":800,\"height\":800,\"caption\":\"Campo Badajoz\"},\"image\":{\"@id\":\"https:\\\/\\\/campobadajoz.es\\\/pt-br\\\/#\\\/schema\\\/logo\\\/image\\\/\"},\"sameAs\":[\"https:\\\/\\\/www.facebook.com\\\/campobadajoz.ibericodecampo\\\/\",\"https:\\\/\\\/x.com\\\/jamonibericos\",\"https:\\\/\\\/www.linkedin.com\\\/company\\\/campo-&-badajoz\\\/about\\\/\",\"https:\\\/\\\/www.instagram.com\\\/campobadajoz\\\/\"]}]}<\/script>\n<!-- \/ Yoast SEO plugin. -->","yoast_head_json":{"title":"Aviso legal - Campo Badajoz","robots":{"index":"index","follow":"follow","max-snippet":"max-snippet:-1","max-image-preview":"max-image-preview:large","max-video-preview":"max-video-preview:-1"},"canonical":"https:\/\/campobadajoz.es\/pt-br\/aviso-legal\/","og_locale":"pt_BR","og_type":"article","og_title":"Aviso legal - Campo Badajoz","og_description":"Em conformidade com o artigo 10\u00ba da Lei 34\/2002, de 11 de julho, de Servi\u00e7os da Sociedade da Informa\u00e7\u00e3o e do Com\u00e9rcio Eletr\u00f3nico (LSSICE), os dados de identifica\u00e7\u00e3o da empresa s\u00e3o os seguintes Nome comercial: Campo Badajoz Nome da empresa: Porvi\u00f1a 2000 SL N\u00famero de identifica\u00e7\u00e3o fiscal: B06334205 Sede social: Avenida De La Estaci\u00f3n 4 [&hellip;]","og_url":"https:\/\/campobadajoz.es\/pt-br\/aviso-legal\/","og_site_name":"Campo Badajoz","article_publisher":"https:\/\/www.facebook.com\/campobadajoz.ibericodecampo\/","article_modified_time":"2023-08-28T11:43:17+00:00","og_image":[{"width":2560,"height":1707,"url":"https:\/\/campobadajoz.es\/wp-content\/uploads\/2023\/06\/AdobeStock_130650104-1-scaled.webp","type":"image\/webp"}],"twitter_card":"summary_large_image","twitter_site":"@jamonibericos","twitter_misc":{"Est. reading time":"2 minutos"},"schema":{"@context":"https:\/\/schema.org","@graph":[{"@type":"WebPage","@id":"https:\/\/campobadajoz.es\/pt-br\/aviso-legal\/","url":"https:\/\/campobadajoz.es\/pt-br\/aviso-legal\/","name":"Aviso legal - Campo Badajoz","isPartOf":{"@id":"https:\/\/campobadajoz.es\/pt-br\/#website"},"primaryImageOfPage":{"@id":"https:\/\/campobadajoz.es\/pt-br\/aviso-legal\/#primaryimage"},"image":{"@id":"https:\/\/campobadajoz.es\/pt-br\/aviso-legal\/#primaryimage"},"thumbnailUrl":"https:\/\/campobadajoz.es\/wp-content\/uploads\/2023\/06\/AdobeStock_130650104-1-scaled.webp","datePublished":"2023-05-19T12:44:30+00:00","dateModified":"2023-08-28T11:43:17+00:00","breadcrumb":{"@id":"https:\/\/campobadajoz.es\/pt-br\/aviso-legal\/#breadcrumb"},"inLanguage":"pt-BR","potentialAction":[{"@type":"ReadAction","target":["https:\/\/campobadajoz.es\/pt-br\/aviso-legal\/"]}]},{"@type":"ImageObject","inLanguage":"pt-BR","@id":"https:\/\/campobadajoz.es\/pt-br\/aviso-legal\/#primaryimage","url":"https:\/\/campobadajoz.es\/wp-content\/uploads\/2023\/06\/AdobeStock_130650104-1-scaled.webp","contentUrl":"https:\/\/campobadajoz.es\/wp-content\/uploads\/2023\/06\/AdobeStock_130650104-1-scaled.webp","width":2560,"height":1707,"caption":"Dehesa Extreme\u00f1a Cerdos"},{"@type":"BreadcrumbList","@id":"https:\/\/campobadajoz.es\/pt-br\/aviso-legal\/#breadcrumb","itemListElement":[{"@type":"ListItem","position":1,"name":"Portada","item":"https:\/\/campobadajoz.es\/pt-br\/"},{"@type":"ListItem","position":2,"name":"Aviso legal"}]},{"@type":"WebSite","@id":"https:\/\/campobadajoz.es\/pt-br\/#website","url":"https:\/\/campobadajoz.es\/pt-br\/","name":"Campo Badajoz","description":"Productos ib\u00e9ricos de calidad","publisher":{"@id":"https:\/\/campobadajoz.es\/pt-br\/#organization"},"potentialAction":[{"@type":"SearchAction","target":{"@type":"EntryPoint","urlTemplate":"https:\/\/campobadajoz.es\/pt-br\/?s={search_term_string}"},"query-input":{"@type":"PropertyValueSpecification","valueRequired":true,"valueName":"search_term_string"}}],"inLanguage":"pt-BR"},{"@type":"Organization","@id":"https:\/\/campobadajoz.es\/pt-br\/#organization","name":"Campo Badajoz","url":"https:\/\/campobadajoz.es\/pt-br\/","logo":{"@type":"ImageObject","inLanguage":"pt-BR","@id":"https:\/\/campobadajoz.es\/pt-br\/#\/schema\/logo\/image\/","url":"https:\/\/campobadajoz.es\/wp-content\/uploads\/2023\/05\/logo_blanco_png-1.webp","contentUrl":"https:\/\/campobadajoz.es\/wp-content\/uploads\/2023\/05\/logo_blanco_png-1.webp","width":800,"height":800,"caption":"Campo Badajoz"},"image":{"@id":"https:\/\/campobadajoz.es\/pt-br\/#\/schema\/logo\/image\/"},"sameAs":["https:\/\/www.facebook.com\/campobadajoz.ibericodecampo\/","https:\/\/x.com\/jamonibericos","https:\/\/www.linkedin.com\/company\/campo-&-badajoz\/about\/","https:\/\/www.instagram.com\/campobadajoz\/"]}]}},"_links":{"self":[{"href":"https:\/\/campobadajoz.es\/pt-br\/wp-json\/wp\/v2\/pages\/2746","targetHints":{"allow":["GET"]}}],"collection":[{"href":"https:\/\/campobadajoz.es\/pt-br\/wp-json\/wp\/v2\/pages"}],"about":[{"href":"https:\/\/campobadajoz.es\/pt-br\/wp-json\/wp\/v2\/types\/page"}],"author":[{"embeddable":true,"href":"https:\/\/campobadajoz.es\/pt-br\/wp-json\/wp\/v2\/users\/1"}],"replies":[{"embeddable":true,"href":"https:\/\/campobadajoz.es\/pt-br\/wp-json\/wp\/v2\/comments?post=2746"}],"version-history":[{"count":0,"href":"https:\/\/campobadajoz.es\/pt-br\/wp-json\/wp\/v2\/pages\/2746\/revisions"}],"wp:featuredmedia":[{"embeddable":true,"href":"https:\/\/campobadajoz.es\/pt-br\/wp-json\/wp\/v2\/media\/2165"}],"wp:attachment":[{"href":"https:\/\/campobadajoz.es\/pt-br\/wp-json\/wp\/v2\/media?parent=2746"}],"curies":[{"name":"wp","href":"https:\/\/api.w.org\/{rel}","templated":true}]}}