{"id":4077,"date":"2023-08-30T08:54:59","date_gmt":"2023-08-30T08:54:59","guid":{"rendered":"https:\/\/campobadajoz.es\/producto\/acerca-de-redondo-redondo-campo-badajoz-corte-a-faca\/"},"modified":"2023-08-30T08:54:59","modified_gmt":"2023-08-30T08:54:59","slug":"sobre-redondo-campo-badajoz-cortado-a-cuchillo","status":"publish","type":"product","link":"https:\/\/campobadajoz.es\/pt-br\/producto\/sobre-redondo-campo-badajoz-cortado-a-cuchillo\/","title":{"rendered":"Acerca de Redondo Redondo CAMPO BADAJOZ, corte \u00e0 faca"},"content":{"rendered":"<p>Cada fatia deste presunto apresenta um equil\u00edbrio perfeito entre a textura suave e suculenta e o sabor intenso carater\u00edstico do porco ib\u00e9rico. O seu aroma inebriante e o seu sabor requintado fazem deste produto uma verdadeira joia culin\u00e1ria.<\/p>\n<p>O Presunto Ib\u00e9rico fatiado \u00e9 perfeito para desfrutar em qualquer ocasi\u00e3o. Pode servir-se como aperitivo, acompanhado de p\u00e3o estaladi\u00e7o e um bom vinho, ou como ingrediente principal nos seus pratos favoritos. A sua versatilidade permite-lhe criar combina\u00e7\u00f5es gastron\u00f3micas maravilhosas e surpreender os seus convidados com o seu sabor requintado.<\/p>\n<p>Cada fatia foi cortada com precis\u00e3o, permitindo apreciar a beleza do seu gr\u00e3o e garantindo uma experi\u00eancia de degusta\u00e7\u00e3o \u00fanica. Al\u00e9m disso, a sua apresenta\u00e7\u00e3o em fatias facilita o consumo e permite-lhe desfrutar desta deliciosa iguaria de uma forma c\u00f3moda e pr\u00e1tica.<\/p>\n<p>O presunto ib\u00e9rico fatiado \u00e9 o presente perfeito para os amantes de comida gourmet e uma excelente escolha para dar um toque de distin\u00e7\u00e3o aos seus pratos. Descubra a ess\u00eancia aut\u00eantica do presunto ib\u00e9rico em cada garfada e deixe-se seduzir pelo seu sabor incompar\u00e1vel.<\/p>\n","protected":false},"excerpt":{"rendered":"<p>Cada fatia deste presunto apresenta um equil\u00edbrio perfeito entre a textura suave e suculenta e o sabor intenso carater\u00edstico do porco ib\u00e9rico. O seu aroma inebriante e o seu sabor requintado fazem deste produto uma verdadeira joia culin\u00e1ria. O Presunto Ib\u00e9rico fatiado \u00e9 perfeito para desfrutar em qualquer ocasi\u00e3o. Pode servir-se como aperitivo, acompanhado de [&hellip;]<\/p>\n","protected":false},"featured_media":6308,"comment_status":"open","ping_status":"closed","template":"","meta":{"_acf_changed":false},"product_brand":[],"product_cat":[435],"product_tag":[],"class_list":{"0":"post-4077","1":"product","2":"type-product","3":"status-publish","4":"has-post-thumbnail","6":"product_cat-loncheados-pt-br","7":"pa_peso-100-gr-pt-br","8":"pa_peso-80-gr-pt-br","10":"first","11":"instock","12":"taxable","13":"shipping-taxable","14":"product-type-variable"},"acf":[],"yoast_head":"<!-- This site is optimized with the Yoast SEO plugin v27.4 - https:\/\/yoast.com\/product\/yoast-seo-wordpress\/ -->\n<title>Acerca de Redondo Redondo CAMPO BADAJOZ, corte \u00e0 faca - Campo Badajoz<\/title>\n<meta name=\"robots\" content=\"index, follow, max-snippet:-1, max-image-preview:large, max-video-preview:-1\" \/>\n<link rel=\"canonical\" href=\"https:\/\/campobadajoz.es\/pt-br\/producto\/sobre-redondo-campo-badajoz-cortado-a-cuchillo\/\" \/>\n<meta property=\"og:locale\" content=\"pt_BR\" \/>\n<meta property=\"og:type\" content=\"article\" \/>\n<meta property=\"og:title\" content=\"Acerca de Redondo Redondo CAMPO BADAJOZ, corte \u00e0 faca - Campo Badajoz\" \/>\n<meta property=\"og:description\" content=\"Cada fatia deste presunto apresenta um equil\u00edbrio perfeito entre a textura suave e suculenta e o sabor intenso carater\u00edstico do porco ib\u00e9rico. O seu aroma inebriante e o seu sabor requintado fazem deste produto uma verdadeira joia culin\u00e1ria. O Presunto Ib\u00e9rico fatiado \u00e9 perfeito para desfrutar em qualquer ocasi\u00e3o. Pode servir-se como aperitivo, acompanhado de [&hellip;]\" \/>\n<meta property=\"og:url\" content=\"https:\/\/campobadajoz.es\/pt-br\/producto\/sobre-redondo-campo-badajoz-cortado-a-cuchillo\/\" \/>\n<meta property=\"og:site_name\" content=\"Campo Badajoz\" \/>\n<meta property=\"article:publisher\" content=\"https:\/\/www.facebook.com\/campobadajoz.ibericodecampo\/\" \/>\n<meta property=\"og:image\" content=\"https:\/\/campobadajoz.es\/wp-content\/uploads\/2023\/08\/Jamon-Sobre.jpg\" \/>\n\t<meta property=\"og:image:width\" content=\"1575\" \/>\n\t<meta property=\"og:image:height\" content=\"2362\" \/>\n\t<meta property=\"og:image:type\" content=\"image\/jpeg\" \/>\n<meta name=\"twitter:card\" content=\"summary_large_image\" \/>\n<meta name=\"twitter:site\" content=\"@jamonibericos\" \/>\n<meta name=\"twitter:label1\" content=\"Est. reading time\" \/>\n\t<meta name=\"twitter:data1\" content=\"1 minuto\" \/>\n<script type=\"application\/ld+json\" class=\"yoast-schema-graph\">{\"@context\":\"https:\\\/\\\/schema.org\",\"@graph\":[{\"@type\":\"WebPage\",\"@id\":\"https:\\\/\\\/campobadajoz.es\\\/pt-br\\\/producto\\\/sobre-redondo-campo-badajoz-cortado-a-cuchillo\\\/\",\"url\":\"https:\\\/\\\/campobadajoz.es\\\/pt-br\\\/producto\\\/sobre-redondo-campo-badajoz-cortado-a-cuchillo\\\/\",\"name\":\"Acerca de Redondo Redondo CAMPO BADAJOZ, corte \u00e0 faca - Campo Badajoz\",\"isPartOf\":{\"@id\":\"https:\\\/\\\/campobadajoz.es\\\/pt-br\\\/#website\"},\"primaryImageOfPage\":{\"@id\":\"https:\\\/\\\/campobadajoz.es\\\/pt-br\\\/producto\\\/sobre-redondo-campo-badajoz-cortado-a-cuchillo\\\/#primaryimage\"},\"image\":{\"@id\":\"https:\\\/\\\/campobadajoz.es\\\/pt-br\\\/producto\\\/sobre-redondo-campo-badajoz-cortado-a-cuchillo\\\/#primaryimage\"},\"thumbnailUrl\":\"https:\\\/\\\/campobadajoz.es\\\/wp-content\\\/uploads\\\/2023\\\/08\\\/Jamon-Sobre.jpg\",\"datePublished\":\"2023-08-30T08:54:59+00:00\",\"breadcrumb\":{\"@id\":\"https:\\\/\\\/campobadajoz.es\\\/pt-br\\\/producto\\\/sobre-redondo-campo-badajoz-cortado-a-cuchillo\\\/#breadcrumb\"},\"inLanguage\":\"pt-BR\",\"potentialAction\":[{\"@type\":\"ReadAction\",\"target\":[\"https:\\\/\\\/campobadajoz.es\\\/pt-br\\\/producto\\\/sobre-redondo-campo-badajoz-cortado-a-cuchillo\\\/\"]}]},{\"@type\":\"ImageObject\",\"inLanguage\":\"pt-BR\",\"@id\":\"https:\\\/\\\/campobadajoz.es\\\/pt-br\\\/producto\\\/sobre-redondo-campo-badajoz-cortado-a-cuchillo\\\/#primaryimage\",\"url\":\"https:\\\/\\\/campobadajoz.es\\\/wp-content\\\/uploads\\\/2023\\\/08\\\/Jamon-Sobre.jpg\",\"contentUrl\":\"https:\\\/\\\/campobadajoz.es\\\/wp-content\\\/uploads\\\/2023\\\/08\\\/Jamon-Sobre.jpg\",\"width\":1575,\"height\":2362},{\"@type\":\"BreadcrumbList\",\"@id\":\"https:\\\/\\\/campobadajoz.es\\\/pt-br\\\/producto\\\/sobre-redondo-campo-badajoz-cortado-a-cuchillo\\\/#breadcrumb\",\"itemListElement\":[{\"@type\":\"ListItem\",\"position\":1,\"name\":\"Portada\",\"item\":\"https:\\\/\\\/campobadajoz.es\\\/pt-br\\\/\"},{\"@type\":\"ListItem\",\"position\":2,\"name\":\"Produtos\",\"item\":\"https:\\\/\\\/campobadajoz.es\\\/pt-br\\\/shop\\\/\"},{\"@type\":\"ListItem\",\"position\":3,\"name\":\"Acerca de Redondo Redondo CAMPO BADAJOZ, corte \u00e0 faca\"}]},{\"@type\":\"WebSite\",\"@id\":\"https:\\\/\\\/campobadajoz.es\\\/pt-br\\\/#website\",\"url\":\"https:\\\/\\\/campobadajoz.es\\\/pt-br\\\/\",\"name\":\"Campo Badajoz\",\"description\":\"Productos ib\u00e9ricos de calidad\",\"publisher\":{\"@id\":\"https:\\\/\\\/campobadajoz.es\\\/pt-br\\\/#organization\"},\"potentialAction\":[{\"@type\":\"SearchAction\",\"target\":{\"@type\":\"EntryPoint\",\"urlTemplate\":\"https:\\\/\\\/campobadajoz.es\\\/pt-br\\\/?s={search_term_string}\"},\"query-input\":{\"@type\":\"PropertyValueSpecification\",\"valueRequired\":true,\"valueName\":\"search_term_string\"}}],\"inLanguage\":\"pt-BR\"},{\"@type\":\"Organization\",\"@id\":\"https:\\\/\\\/campobadajoz.es\\\/pt-br\\\/#organization\",\"name\":\"Campo Badajoz\",\"url\":\"https:\\\/\\\/campobadajoz.es\\\/pt-br\\\/\",\"logo\":{\"@type\":\"ImageObject\",\"inLanguage\":\"pt-BR\",\"@id\":\"https:\\\/\\\/campobadajoz.es\\\/pt-br\\\/#\\\/schema\\\/logo\\\/image\\\/\",\"url\":\"https:\\\/\\\/campobadajoz.es\\\/wp-content\\\/uploads\\\/2023\\\/05\\\/logo_blanco_png-1.webp\",\"contentUrl\":\"https:\\\/\\\/campobadajoz.es\\\/wp-content\\\/uploads\\\/2023\\\/05\\\/logo_blanco_png-1.webp\",\"width\":800,\"height\":800,\"caption\":\"Campo Badajoz\"},\"image\":{\"@id\":\"https:\\\/\\\/campobadajoz.es\\\/pt-br\\\/#\\\/schema\\\/logo\\\/image\\\/\"},\"sameAs\":[\"https:\\\/\\\/www.facebook.com\\\/campobadajoz.ibericodecampo\\\/\",\"https:\\\/\\\/x.com\\\/jamonibericos\",\"https:\\\/\\\/www.linkedin.com\\\/company\\\/campo-&-badajoz\\\/about\\\/\",\"https:\\\/\\\/www.instagram.com\\\/campobadajoz\\\/\"]}]}<\/script>\n<!-- \/ Yoast SEO plugin. -->","yoast_head_json":{"title":"Acerca de Redondo Redondo CAMPO BADAJOZ, corte \u00e0 faca - Campo Badajoz","robots":{"index":"index","follow":"follow","max-snippet":"max-snippet:-1","max-image-preview":"max-image-preview:large","max-video-preview":"max-video-preview:-1"},"canonical":"https:\/\/campobadajoz.es\/pt-br\/producto\/sobre-redondo-campo-badajoz-cortado-a-cuchillo\/","og_locale":"pt_BR","og_type":"article","og_title":"Acerca de Redondo Redondo CAMPO BADAJOZ, corte \u00e0 faca - Campo Badajoz","og_description":"Cada fatia deste presunto apresenta um equil\u00edbrio perfeito entre a textura suave e suculenta e o sabor intenso carater\u00edstico do porco ib\u00e9rico. O seu aroma inebriante e o seu sabor requintado fazem deste produto uma verdadeira joia culin\u00e1ria. O Presunto Ib\u00e9rico fatiado \u00e9 perfeito para desfrutar em qualquer ocasi\u00e3o. Pode servir-se como aperitivo, acompanhado de [&hellip;]","og_url":"https:\/\/campobadajoz.es\/pt-br\/producto\/sobre-redondo-campo-badajoz-cortado-a-cuchillo\/","og_site_name":"Campo Badajoz","article_publisher":"https:\/\/www.facebook.com\/campobadajoz.ibericodecampo\/","og_image":[{"width":1575,"height":2362,"url":"https:\/\/campobadajoz.es\/wp-content\/uploads\/2023\/08\/Jamon-Sobre.jpg","type":"image\/jpeg"}],"twitter_card":"summary_large_image","twitter_site":"@jamonibericos","twitter_misc":{"Est. reading time":"1 minuto"},"schema":{"@context":"https:\/\/schema.org","@graph":[{"@type":"WebPage","@id":"https:\/\/campobadajoz.es\/pt-br\/producto\/sobre-redondo-campo-badajoz-cortado-a-cuchillo\/","url":"https:\/\/campobadajoz.es\/pt-br\/producto\/sobre-redondo-campo-badajoz-cortado-a-cuchillo\/","name":"Acerca de Redondo Redondo CAMPO BADAJOZ, corte \u00e0 faca - Campo Badajoz","isPartOf":{"@id":"https:\/\/campobadajoz.es\/pt-br\/#website"},"primaryImageOfPage":{"@id":"https:\/\/campobadajoz.es\/pt-br\/producto\/sobre-redondo-campo-badajoz-cortado-a-cuchillo\/#primaryimage"},"image":{"@id":"https:\/\/campobadajoz.es\/pt-br\/producto\/sobre-redondo-campo-badajoz-cortado-a-cuchillo\/#primaryimage"},"thumbnailUrl":"https:\/\/campobadajoz.es\/wp-content\/uploads\/2023\/08\/Jamon-Sobre.jpg","datePublished":"2023-08-30T08:54:59+00:00","breadcrumb":{"@id":"https:\/\/campobadajoz.es\/pt-br\/producto\/sobre-redondo-campo-badajoz-cortado-a-cuchillo\/#breadcrumb"},"inLanguage":"pt-BR","potentialAction":[{"@type":"ReadAction","target":["https:\/\/campobadajoz.es\/pt-br\/producto\/sobre-redondo-campo-badajoz-cortado-a-cuchillo\/"]}]},{"@type":"ImageObject","inLanguage":"pt-BR","@id":"https:\/\/campobadajoz.es\/pt-br\/producto\/sobre-redondo-campo-badajoz-cortado-a-cuchillo\/#primaryimage","url":"https:\/\/campobadajoz.es\/wp-content\/uploads\/2023\/08\/Jamon-Sobre.jpg","contentUrl":"https:\/\/campobadajoz.es\/wp-content\/uploads\/2023\/08\/Jamon-Sobre.jpg","width":1575,"height":2362},{"@type":"BreadcrumbList","@id":"https:\/\/campobadajoz.es\/pt-br\/producto\/sobre-redondo-campo-badajoz-cortado-a-cuchillo\/#breadcrumb","itemListElement":[{"@type":"ListItem","position":1,"name":"Portada","item":"https:\/\/campobadajoz.es\/pt-br\/"},{"@type":"ListItem","position":2,"name":"Produtos","item":"https:\/\/campobadajoz.es\/pt-br\/shop\/"},{"@type":"ListItem","position":3,"name":"Acerca de Redondo Redondo CAMPO BADAJOZ, corte \u00e0 faca"}]},{"@type":"WebSite","@id":"https:\/\/campobadajoz.es\/pt-br\/#website","url":"https:\/\/campobadajoz.es\/pt-br\/","name":"Campo Badajoz","description":"Productos ib\u00e9ricos de calidad","publisher":{"@id":"https:\/\/campobadajoz.es\/pt-br\/#organization"},"potentialAction":[{"@type":"SearchAction","target":{"@type":"EntryPoint","urlTemplate":"https:\/\/campobadajoz.es\/pt-br\/?s={search_term_string}"},"query-input":{"@type":"PropertyValueSpecification","valueRequired":true,"valueName":"search_term_string"}}],"inLanguage":"pt-BR"},{"@type":"Organization","@id":"https:\/\/campobadajoz.es\/pt-br\/#organization","name":"Campo Badajoz","url":"https:\/\/campobadajoz.es\/pt-br\/","logo":{"@type":"ImageObject","inLanguage":"pt-BR","@id":"https:\/\/campobadajoz.es\/pt-br\/#\/schema\/logo\/image\/","url":"https:\/\/campobadajoz.es\/wp-content\/uploads\/2023\/05\/logo_blanco_png-1.webp","contentUrl":"https:\/\/campobadajoz.es\/wp-content\/uploads\/2023\/05\/logo_blanco_png-1.webp","width":800,"height":800,"caption":"Campo Badajoz"},"image":{"@id":"https:\/\/campobadajoz.es\/pt-br\/#\/schema\/logo\/image\/"},"sameAs":["https:\/\/www.facebook.com\/campobadajoz.ibericodecampo\/","https:\/\/x.com\/jamonibericos","https:\/\/www.linkedin.com\/company\/campo-&-badajoz\/about\/","https:\/\/www.instagram.com\/campobadajoz\/"]}]}},"_links":{"self":[{"href":"https:\/\/campobadajoz.es\/pt-br\/wp-json\/wp\/v2\/product\/4077","targetHints":{"allow":["GET"]}}],"collection":[{"href":"https:\/\/campobadajoz.es\/pt-br\/wp-json\/wp\/v2\/product"}],"about":[{"href":"https:\/\/campobadajoz.es\/pt-br\/wp-json\/wp\/v2\/types\/product"}],"replies":[{"embeddable":true,"href":"https:\/\/campobadajoz.es\/pt-br\/wp-json\/wp\/v2\/comments?post=4077"}],"version-history":[{"count":0,"href":"https:\/\/campobadajoz.es\/pt-br\/wp-json\/wp\/v2\/product\/4077\/revisions"}],"wp:featuredmedia":[{"embeddable":true,"href":"https:\/\/campobadajoz.es\/pt-br\/wp-json\/wp\/v2\/media\/6308"}],"wp:attachment":[{"href":"https:\/\/campobadajoz.es\/pt-br\/wp-json\/wp\/v2\/media?parent=4077"}],"wp:term":[{"taxonomy":"product_brand","embeddable":true,"href":"https:\/\/campobadajoz.es\/pt-br\/wp-json\/wp\/v2\/product_brand?post=4077"},{"taxonomy":"product_cat","embeddable":true,"href":"https:\/\/campobadajoz.es\/pt-br\/wp-json\/wp\/v2\/product_cat?post=4077"},{"taxonomy":"product_tag","embeddable":true,"href":"https:\/\/campobadajoz.es\/pt-br\/wp-json\/wp\/v2\/product_tag?post=4077"}],"curies":[{"name":"wp","href":"https:\/\/api.w.org\/{rel}","templated":true}]}}